{"id":1865,"date":"2025-01-14T12:45:57","date_gmt":"2025-01-14T11:45:57","guid":{"rendered":"https:\/\/paudelacalle.com\/sobre-mi\/"},"modified":"2025-06-17T14:19:18","modified_gmt":"2025-06-17T12:19:18","slug":"about-me","status":"publish","type":"page","link":"https:\/\/paudelacalle.com\/en\/about-me\/","title":{"rendered":"About me"},"content":{"rendered":"\t\t<div data-elementor-type=\"wp-page\" data-elementor-id=\"1865\" class=\"elementor elementor-1865 elementor-375\" data-elementor-post-type=\"page\">\n\t\t\t\t<div class=\"elementor-element elementor-element-73391e9 e-con-full e-flex e-con e-parent\" data-id=\"73391e9\" data-element_type=\"container\" data-e-type=\"container\" data-settings=\"{&quot;background_background&quot;:&quot;classic&quot;}\">\n\t\t\t\t<div class=\"elementor-element elementor-element-ae3ec21 elementor-widget elementor-widget-heading\" data-id=\"ae3ec21\" data-element_type=\"widget\" data-e-type=\"widget\" data-widget_type=\"heading.default\">\n\t\t\t\t<div class=\"elementor-widget-container\">\n\t\t\t\t\t<h2 class=\"elementor-heading-title elementor-size-default\">ABOUT ME<\/h2>\t\t\t\t<\/div>\n\t\t\t\t<\/div>\n\t\t\t\t<\/div>\n\t\t<div class=\"elementor-element elementor-element-c566ca0 e-flex e-con-boxed e-con e-parent\" data-id=\"c566ca0\" data-element_type=\"container\" data-e-type=\"container\" data-settings=\"{&quot;background_background&quot;:&quot;classic&quot;}\">\n\t\t\t\t\t<div class=\"e-con-inner\">\n\t\t<div class=\"elementor-element elementor-element-f6257de e-con-full e-flex elementor-invisible e-con e-child\" data-id=\"f6257de\" data-element_type=\"container\" data-e-type=\"container\" data-settings=\"{&quot;animation&quot;:&quot;fadeInLeft&quot;}\">\n\t\t\t\t<div class=\"elementor-element elementor-element-4c1f825 elementor-widget elementor-widget-heading\" data-id=\"4c1f825\" data-element_type=\"widget\" data-e-type=\"widget\" data-widget_type=\"heading.default\">\n\t\t\t\t<div class=\"elementor-widget-container\">\n\t\t\t\t\t<h2 class=\"elementor-heading-title elementor-size-default\">BIOGRAPHY<\/h2>\t\t\t\t<\/div>\n\t\t\t\t<\/div>\n\t\t\t\t<div class=\"elementor-element elementor-element-0d6cb30 elementor-widget-divider--view-line elementor-widget elementor-widget-divider\" data-id=\"0d6cb30\" data-element_type=\"widget\" data-e-type=\"widget\" data-widget_type=\"divider.default\">\n\t\t\t\t<div class=\"elementor-widget-container\">\n\t\t\t\t\t\t\t<div class=\"elementor-divider\">\n\t\t\t<span class=\"elementor-divider-separator\">\n\t\t\t\t\t\t<\/span>\n\t\t<\/div>\n\t\t\t\t\t\t<\/div>\n\t\t\t\t<\/div>\n\t\t\t\t<div class=\"elementor-element elementor-element-eb492c3 elementor-widget elementor-widget-text-editor\" data-id=\"eb492c3\" data-element_type=\"widget\" data-e-type=\"widget\" data-widget_type=\"text-editor.default\">\n\t\t\t\t<div class=\"elementor-widget-container\">\n\t\t\t\t\t\t\t\t\t<p><strong><span class=\"OYPEnA font-feature-liga-off font-feature-clig-off font-feature-calt-off text-decoration-none text-strikethrough-none\">Pau de la Calle Argel\u00e9s, freelance photojournalist based in Barcelona.<\/span> <\/strong><\/p>\t\t\t\t\t\t\t\t<\/div>\n\t\t\t\t<\/div>\n\t\t\t\t<div class=\"elementor-element elementor-element-c9a174e elementor-widget elementor-widget-text-editor\" data-id=\"c9a174e\" data-element_type=\"widget\" data-e-type=\"widget\" data-widget_type=\"text-editor.default\">\n\t\t\t\t<div class=\"elementor-widget-container\">\n\t\t\t\t\t\t\t\t\t<p>I\u2019m Pau de la Calle Argel\u00e9s, a freelance photojournalist born in Barcelona in 2000. After graduating with a degree in Photography from EASD Serra i Abella, I completed a postgraduate degree in Photojournalism at UAB.<\/p><p>I\u2019m working on daily news, long-term documentary projects, and corporate photography. I am particularly interested in human stories, especially social conflicts, migration movements, and climate change.<\/p>\t\t\t\t\t\t\t\t<\/div>\n\t\t\t\t<\/div>\n\t\t\t\t<\/div>\n\t\t<div class=\"elementor-element elementor-element-c747800 e-con-full e-flex elementor-invisible e-con e-child\" data-id=\"c747800\" data-element_type=\"container\" data-e-type=\"container\" data-settings=\"{&quot;animation&quot;:&quot;fadeInRight&quot;}\">\n\t\t\t\t<div class=\"elementor-element elementor-element-a42736f elementor-widget elementor-widget-image\" data-id=\"a42736f\" data-element_type=\"widget\" data-e-type=\"widget\" data-widget_type=\"image.default\">\n\t\t\t\t<div class=\"elementor-widget-container\">\n\t\t\t\t\t\t\t\t\t\t\t\t<figure class=\"wp-caption\">\n\t\t\t\t\t\t\t\t\t\t<img fetchpriority=\"high\" decoding=\"async\" width=\"1570\" height=\"1080\" src=\"https:\/\/paudelacalle.com\/wp-content\/uploads\/2025\/01\/retrato-pau-japon.png\" class=\"attachment-full size-full wp-image-1482\" alt=\"\" srcset=\"https:\/\/paudelacalle.com\/wp-content\/uploads\/2025\/01\/retrato-pau-japon.png 1570w, https:\/\/paudelacalle.com\/wp-content\/uploads\/2025\/01\/retrato-pau-japon-300x206.png 300w, https:\/\/paudelacalle.com\/wp-content\/uploads\/2025\/01\/retrato-pau-japon-1024x704.png 1024w, https:\/\/paudelacalle.com\/wp-content\/uploads\/2025\/01\/retrato-pau-japon-768x528.png 768w, https:\/\/paudelacalle.com\/wp-content\/uploads\/2025\/01\/retrato-pau-japon-1536x1057.png 1536w\" sizes=\"(max-width: 1570px) 100vw, 1570px\" \/>\t\t\t\t\t\t\t\t\t\t\t<figcaption class=\"widget-image-caption wp-caption-text\">\u00a9 Irene Vil\u00e0 Capafons<\/figcaption>\n\t\t\t\t\t\t\t\t\t\t<\/figure>\n\t\t\t\t\t\t\t\t\t<\/div>\n\t\t\t\t<\/div>\n\t\t\t\t<\/div>\n\t\t\t\t\t<\/div>\n\t\t\t\t<\/div>\n\t\t<div class=\"elementor-element elementor-element-1f8452f e-flex e-con-boxed e-con e-parent\" data-id=\"1f8452f\" data-element_type=\"container\" data-e-type=\"container\" data-settings=\"{&quot;background_background&quot;:&quot;classic&quot;,&quot;animation&quot;:&quot;none&quot;}\">\n\t\t\t\t\t<div class=\"e-con-inner\">\n\t\t<div class=\"elementor-element elementor-element-b0e21e8 e-con-full e-flex elementor-invisible e-con e-child\" data-id=\"b0e21e8\" data-element_type=\"container\" data-e-type=\"container\" data-settings=\"{&quot;background_background&quot;:&quot;classic&quot;,&quot;animation&quot;:&quot;fadeInUp&quot;}\">\n\t\t<div class=\"elementor-element elementor-element-ccd7378 e-con-full e-flex e-con e-child\" data-id=\"ccd7378\" data-element_type=\"container\" data-e-type=\"container\">\n\t\t\t\t<div class=\"elementor-element elementor-element-057a468 elementor-widget elementor-widget-heading\" data-id=\"057a468\" data-element_type=\"widget\" data-e-type=\"widget\" data-widget_type=\"heading.default\">\n\t\t\t\t<div class=\"elementor-widget-container\">\n\t\t\t\t\t<h2 class=\"elementor-heading-title elementor-size-default\">\nPUBLICATIONS AND CLIENTS<\/h2>\t\t\t\t<\/div>\n\t\t\t\t<\/div>\n\t\t\t\t<div class=\"elementor-element elementor-element-f143707 elementor-widget-divider--view-line elementor-widget elementor-widget-divider\" data-id=\"f143707\" data-element_type=\"widget\" data-e-type=\"widget\" data-widget_type=\"divider.default\">\n\t\t\t\t<div class=\"elementor-widget-container\">\n\t\t\t\t\t\t\t<div class=\"elementor-divider\">\n\t\t\t<span class=\"elementor-divider-separator\">\n\t\t\t\t\t\t<\/span>\n\t\t<\/div>\n\t\t\t\t\t\t<\/div>\n\t\t\t\t<\/div>\n\t\t\t\t<div class=\"elementor-element elementor-element-180f8f7 elementor-widget elementor-widget-spacer\" data-id=\"180f8f7\" data-element_type=\"widget\" data-e-type=\"widget\" data-widget_type=\"spacer.default\">\n\t\t\t\t<div class=\"elementor-widget-container\">\n\t\t\t\t\t\t\t<div class=\"elementor-spacer\">\n\t\t\t<div class=\"elementor-spacer-inner\"><\/div>\n\t\t<\/div>\n\t\t\t\t\t\t<\/div>\n\t\t\t\t<\/div>\n\t\t\t\t<div class=\"elementor-element elementor-element-e143bfb elementor-widget elementor-widget-heading\" data-id=\"e143bfb\" data-element_type=\"widget\" data-e-type=\"widget\" data-widget_type=\"heading.default\">\n\t\t\t\t<div class=\"elementor-widget-container\">\n\t\t\t\t\t<h2 class=\"elementor-heading-title elementor-size-default\">EDITORIAL<\/h2>\t\t\t\t<\/div>\n\t\t\t\t<\/div>\n\t\t\t\t<div class=\"elementor-element elementor-element-8c60fcd elementor-widget elementor-widget-text-editor\" data-id=\"8c60fcd\" data-element_type=\"widget\" data-e-type=\"widget\" data-widget_type=\"text-editor.default\">\n\t\t\t\t<div class=\"elementor-widget-container\">\n\t\t\t\t\t\t\t\t\t<p><span style=\"font-weight: 400;\">TIME, The New York Times, The Washington Post, The Associated Press, The Times, The Guardian, CNN, Al Jazeera, Boston Globe, Der Spiegel, Lib\u00e9ration, Le Monde, NZZ, Daily Mail, Revista 5W, La Vanguardia, El Peri\u00f3dico, El Pa\u00eds, El Mundo, La Raz\u00f3n, ABC, Europa Press, EFE, GTRES, Diari ARA, 20 Minutos, Alta\u00efr Magazin, Revista Descobrir, ARRELS, El Nacional, Naci\u00f3 Digital.<\/span><\/p>\t\t\t\t\t\t\t\t<\/div>\n\t\t\t\t<\/div>\n\t\t\t\t<\/div>\n\t\t<div class=\"elementor-element elementor-element-abf80b0 e-con-full e-flex e-con e-child\" data-id=\"abf80b0\" data-element_type=\"container\" data-e-type=\"container\">\n\t\t\t\t<div class=\"elementor-element elementor-element-9ab4d1f elementor-widget elementor-widget-heading\" data-id=\"9ab4d1f\" data-element_type=\"widget\" data-e-type=\"widget\" data-widget_type=\"heading.default\">\n\t\t\t\t<div class=\"elementor-widget-container\">\n\t\t\t\t\t<h2 class=\"elementor-heading-title elementor-size-default\">CORPORATE<\/h2>\t\t\t\t<\/div>\n\t\t\t\t<\/div>\n\t\t\t\t<div class=\"elementor-element elementor-element-b8823b4 elementor-widget elementor-widget-text-editor\" data-id=\"b8823b4\" data-element_type=\"widget\" data-e-type=\"widget\" data-widget_type=\"text-editor.default\">\n\t\t\t\t<div class=\"elementor-widget-container\">\n\t\t\t\t\t\t\t\t\t<p><span style=\"font-weight: 400;\">GSMA (Mobile World Congress), America\u2019s Cup, Delegaci\u00f3n del Gobierno en Catalu\u00f1a, ICUB, Mercats de Barcelona, IEMED, PIMEC, PUIG, Zinklar, Kids&amp;Us, Universidad Abat Oliba CEU, Associaci\u00f3 Antic Gremi Revenedors, Barcelona Fight League, Royal European Academy of Doctors, Universidad Internacional de Catalu\u00f1a, Consejer\u00eda de Sanidad del Gobierno de Canarias, Departament d\u2019Acci\u00f3 Clim\u00e0tica, Alimentaci\u00f3 i Agenda Rural, Instituto Espa\u00f1ol de Analistas, NTT Data, Sener, Sesame HR.<\/span><\/p>\t\t\t\t\t\t\t\t<\/div>\n\t\t\t\t<\/div>\n\t\t\t\t<\/div>\n\t\t\t\t<\/div>\n\t\t\t\t\t<\/div>\n\t\t\t\t<\/div>\n\t\t<div class=\"elementor-element elementor-element-c2ae1a2 e-flex e-con-boxed e-con e-parent\" data-id=\"c2ae1a2\" data-element_type=\"container\" data-e-type=\"container\" data-settings=\"{&quot;background_background&quot;:&quot;classic&quot;,&quot;animation&quot;:&quot;none&quot;}\">\n\t\t\t\t\t<div class=\"e-con-inner\">\n\t\t<div class=\"elementor-element elementor-element-77e776e e-con-full e-flex elementor-invisible e-con e-child\" data-id=\"77e776e\" data-element_type=\"container\" data-e-type=\"container\" data-settings=\"{&quot;background_background&quot;:&quot;classic&quot;,&quot;animation&quot;:&quot;fadeInUp&quot;}\">\n\t\t<div class=\"elementor-element elementor-element-0ba9177 e-con-full e-flex e-con e-child\" data-id=\"0ba9177\" data-element_type=\"container\" data-e-type=\"container\">\n\t\t\t\t<div class=\"elementor-element elementor-element-1f31d45 elementor-widget elementor-widget-n-accordion\" data-id=\"1f31d45\" data-element_type=\"widget\" data-e-type=\"widget\" data-settings=\"{&quot;default_state&quot;:&quot;all_collapsed&quot;,&quot;max_items_expended&quot;:&quot;one&quot;,&quot;n_accordion_animation_duration&quot;:{&quot;unit&quot;:&quot;ms&quot;,&quot;size&quot;:400,&quot;sizes&quot;:[]}}\" data-widget_type=\"nested-accordion.default\">\n\t\t\t\t<div class=\"elementor-widget-container\">\n\t\t\t\t\t\t\t<div class=\"e-n-accordion\" aria-label=\"Accordion. Open links with Enter or Space, close with Escape, and navigate with Arrow Keys\">\n\t\t\t\t\t\t<details id=\"e-n-accordion-item-3270\" class=\"e-n-accordion-item\" >\n\t\t\t\t<summary class=\"e-n-accordion-item-title\" data-accordion-index=\"1\" tabindex=\"0\" aria-expanded=\"false\" aria-controls=\"e-n-accordion-item-3270\" >\n\t\t\t\t\t<span class='e-n-accordion-item-title-header'><div class=\"e-n-accordion-item-title-text\"> AWARDS <\/div><\/span>\n\t\t\t\t\t\t\t<span class='e-n-accordion-item-title-icon'>\n\t\t\t<span class='e-opened' ><svg aria-hidden=\"true\" class=\"e-font-icon-svg e-fas-chevron-up\" viewBox=\"0 0 448 512\" xmlns=\"http:\/\/www.w3.org\/2000\/svg\"><path d=\"M240.971 130.524l194.343 194.343c9.373 9.373 9.373 24.569 0 33.941l-22.667 22.667c-9.357 9.357-24.522 9.375-33.901.04L224 227.495 69.255 381.516c-9.379 9.335-24.544 9.317-33.901-.04l-22.667-22.667c-9.373-9.373-9.373-24.569 0-33.941L207.03 130.525c9.372-9.373 24.568-9.373 33.941-.001z\"><\/path><\/svg><\/span>\n\t\t\t<span class='e-closed'><svg aria-hidden=\"true\" class=\"e-font-icon-svg e-fas-chevron-down\" viewBox=\"0 0 448 512\" xmlns=\"http:\/\/www.w3.org\/2000\/svg\"><path d=\"M207.029 381.476L12.686 187.132c-9.373-9.373-9.373-24.569 0-33.941l22.667-22.667c9.357-9.357 24.522-9.375 33.901-.04L224 284.505l154.745-154.021c9.379-9.335 24.544-9.317 33.901.04l22.667 22.667c9.373 9.373 9.373 24.569 0 33.941L240.971 381.476c-9.373 9.372-24.569 9.372-33.942 0z\"><\/path><\/svg><\/span>\n\t\t<\/span>\n\n\t\t\t\t\t\t<\/summary>\n\t\t\t\t<div role=\"region\" aria-labelledby=\"e-n-accordion-item-3270\" class=\"elementor-element elementor-element-a09ad68 e-con-full e-flex e-con e-child\" data-id=\"a09ad68\" data-element_type=\"container\" data-e-type=\"container\">\n\t\t<div role=\"region\" aria-labelledby=\"e-n-accordion-item-3270\" class=\"elementor-element elementor-element-dc5ac68 e-flex e-con-boxed e-con e-child\" data-id=\"dc5ac68\" data-element_type=\"container\" data-e-type=\"container\">\n\t\t\t\t\t<div class=\"e-con-inner\">\n\t\t\t\t<div class=\"elementor-element elementor-element-a4f22fe elementor-widget elementor-widget-text-editor\" data-id=\"a4f22fe\" data-element_type=\"widget\" data-e-type=\"widget\" data-widget_type=\"text-editor.default\">\n\t\t\t\t<div class=\"elementor-widget-container\">\n\t\t\t\t\t\t\t\t\t<ul><li style=\"font-weight: 400;\" aria-level=\"1\"><span style=\"font-weight: 400;\">HIPA Awards. Finalist (Merit Medal), 2023.<\/span><\/li><li style=\"font-weight: 400;\" aria-level=\"1\"><span style=\"font-weight: 400;\">36th Boehringer Ingelheim Journalism and Health Communication Award. Finalist, 2023.<\/span><\/li><li style=\"font-weight: 400;\" aria-level=\"1\"><span style=\"font-weight: 400;\">21st Young Photographers of Catalonia Award. Winner, 2023.<\/span><\/li><li style=\"font-weight: 400;\" aria-level=\"1\"><span style=\"font-weight: 400;\">14th Carles Rahola Award. Winner, 2023.<\/span><\/li><li style=\"font-weight: 400;\" aria-level=\"1\"><span style=\"font-weight: 400;\">Miravisions Award. Winner of the first and third prize, 2022.<\/span><\/li><li style=\"font-weight: 400;\" aria-level=\"1\"><span style=\"font-weight: 400;\">Menorca Doc Fest. Selected, 2022.<\/span><\/li><li style=\"font-weight: 400;\" aria-level=\"1\"><span style=\"font-weight: 400;\">CLIC Young Photojournalism Grant. Winner, 2022.<\/span><\/li><li style=\"font-weight: 400;\" aria-level=\"1\"><span style=\"font-weight: 400;\">CLIC Young Photojournalism Award. Winner, 2022.<\/span><\/li><li style=\"font-weight: 400;\" aria-level=\"1\"><span style=\"font-weight: 400;\">World Report Award | Festival of Ethical Photography. Finalist, 2022.<\/span><\/li><li style=\"font-weight: 400;\" aria-level=\"1\"><span style=\"font-weight: 400;\">CLIC Young Photojournalism Award. Winner, 2021.<\/span><\/li><li style=\"font-weight: 400;\" aria-level=\"1\"><span style=\"font-weight: 400;\">Carnet Jove Photography Grant. Winner, 2021.<\/span><\/li><li style=\"font-weight: 400;\" aria-level=\"1\"><span style=\"font-weight: 400;\">Intercultural CLIC Young Photojournalism Award. Winner, 2021.<\/span><\/li><\/ul>\t\t\t\t\t\t\t\t<\/div>\n\t\t\t\t<\/div>\n\t\t\t\t\t<\/div>\n\t\t\t\t<\/div>\n\t\t\t\t<\/div>\n\t\t\t\t\t<\/details>\n\t\t\t\t\t<\/div>\n\t\t\t\t\t\t<\/div>\n\t\t\t\t<\/div>\n\t\t\t\t<div class=\"elementor-element elementor-element-bbaeaaf elementor-widget elementor-widget-spacer\" data-id=\"bbaeaaf\" data-element_type=\"widget\" data-e-type=\"widget\" data-widget_type=\"spacer.default\">\n\t\t\t\t<div class=\"elementor-widget-container\">\n\t\t\t\t\t\t\t<div class=\"elementor-spacer\">\n\t\t\t<div class=\"elementor-spacer-inner\"><\/div>\n\t\t<\/div>\n\t\t\t\t\t\t<\/div>\n\t\t\t\t<\/div>\n\t\t\t\t<\/div>\n\t\t<div class=\"elementor-element elementor-element-23e0ff8 e-con-full e-flex e-con e-child\" data-id=\"23e0ff8\" data-element_type=\"container\" data-e-type=\"container\">\n\t\t\t\t<div class=\"elementor-element elementor-element-bef1efb elementor-widget elementor-widget-n-accordion\" data-id=\"bef1efb\" data-element_type=\"widget\" data-e-type=\"widget\" data-settings=\"{&quot;default_state&quot;:&quot;all_collapsed&quot;,&quot;max_items_expended&quot;:&quot;one&quot;,&quot;n_accordion_animation_duration&quot;:{&quot;unit&quot;:&quot;ms&quot;,&quot;size&quot;:400,&quot;sizes&quot;:[]}}\" data-widget_type=\"nested-accordion.default\">\n\t\t\t\t<div class=\"elementor-widget-container\">\n\t\t\t\t\t\t\t<div class=\"e-n-accordion\" aria-label=\"Accordion. Open links with Enter or Space, close with Escape, and navigate with Arrow Keys\">\n\t\t\t\t\t\t<details id=\"e-n-accordion-item-2000\" class=\"e-n-accordion-item\" >\n\t\t\t\t<summary class=\"e-n-accordion-item-title\" data-accordion-index=\"1\" tabindex=\"0\" aria-expanded=\"false\" aria-controls=\"e-n-accordion-item-2000\" >\n\t\t\t\t\t<span class='e-n-accordion-item-title-header'><div class=\"e-n-accordion-item-title-text\"> EXHIBITIONS <\/div><\/span>\n\t\t\t\t\t\t\t<span class='e-n-accordion-item-title-icon'>\n\t\t\t<span class='e-opened' ><svg aria-hidden=\"true\" class=\"e-font-icon-svg e-fas-chevron-up\" viewBox=\"0 0 448 512\" xmlns=\"http:\/\/www.w3.org\/2000\/svg\"><path d=\"M240.971 130.524l194.343 194.343c9.373 9.373 9.373 24.569 0 33.941l-22.667 22.667c-9.357 9.357-24.522 9.375-33.901.04L224 227.495 69.255 381.516c-9.379 9.335-24.544 9.317-33.901-.04l-22.667-22.667c-9.373-9.373-9.373-24.569 0-33.941L207.03 130.525c9.372-9.373 24.568-9.373 33.941-.001z\"><\/path><\/svg><\/span>\n\t\t\t<span class='e-closed'><svg aria-hidden=\"true\" class=\"e-font-icon-svg e-fas-chevron-down\" viewBox=\"0 0 448 512\" xmlns=\"http:\/\/www.w3.org\/2000\/svg\"><path d=\"M207.029 381.476L12.686 187.132c-9.373-9.373-9.373-24.569 0-33.941l22.667-22.667c9.357-9.357 24.522-9.375 33.901-.04L224 284.505l154.745-154.021c9.379-9.335 24.544-9.317 33.901.04l22.667 22.667c9.373 9.373 9.373 24.569 0 33.941L240.971 381.476c-9.373 9.372-24.569 9.372-33.942 0z\"><\/path><\/svg><\/span>\n\t\t<\/span>\n\n\t\t\t\t\t\t<\/summary>\n\t\t\t\t<div role=\"region\" aria-labelledby=\"e-n-accordion-item-2000\" class=\"elementor-element elementor-element-42dd1db e-con-full e-flex e-con e-child\" data-id=\"42dd1db\" data-element_type=\"container\" data-e-type=\"container\">\n\t\t<div role=\"region\" aria-labelledby=\"e-n-accordion-item-2000\" class=\"elementor-element elementor-element-5f53bbe e-flex e-con-boxed e-con e-child\" data-id=\"5f53bbe\" data-element_type=\"container\" data-e-type=\"container\">\n\t\t\t\t\t<div class=\"e-con-inner\">\n\t\t\t\t<div class=\"elementor-element elementor-element-913d3ac elementor-widget elementor-widget-text-editor\" data-id=\"913d3ac\" data-element_type=\"widget\" data-e-type=\"widget\" data-widget_type=\"text-editor.default\">\n\t\t\t\t<div class=\"elementor-widget-container\">\n\t\t\t\t\t\t\t\t\t<ul><li style=\"font-weight: 400;\" aria-level=\"1\"><span style=\"font-weight: 400;\">&#8220;Coexist&#8221;, Festival Mirades, Torroella de Montgr\u00ed, Catalonia, 2025.<\/span><\/li><li style=\"font-weight: 400;\" aria-level=\"1\"><span style=\"font-weight: 400;\">&#8220;The 7th mission&#8221;, Espai Cultural Cal Marqu\u00e8s, Camprodon, Catalonia, 2025.<\/span><\/li><li style=\"font-weight: 400;\" aria-level=\"1\"><span style=\"font-weight: 400;\">&#8220;Coexist&#8221;, Carles Rahola Library, Girona, 2025.<\/span><\/li><li style=\"font-weight: 400;\" aria-level=\"1\"><span style=\"font-weight: 400;\">&#8220;Coexist&#8221;, CC Joaquim Xirau, Figueres, Catalonia, 2024.<\/span><\/li><li style=\"font-weight: 400;\" aria-level=\"1\"><span style=\"font-weight: 400;\">&#8220;Coexist&#8221;, Festival Mitgeres, Valls, Catalonia, 2024.<\/span><\/li><li style=\"font-weight: 400;\" aria-level=\"1\"><span style=\"font-weight: 400;\">&#8220;Coexist&#8221;, Visa Off, Visa Pour L&#8217;Image, Perpignan, France, 2024.<\/span><\/li><li style=\"font-weight: 400;\" aria-level=\"1\"><span style=\"font-weight: 400;\">&#8220;Coexist&#8221;, Pia\u2019s School of Igualada, Catalonia, 2023.<\/span><\/li><li style=\"font-weight: 400;\" aria-level=\"1\"><span style=\"font-weight: 400;\">&#8220;The 7th mission&#8221;, Casal de la Vila, Sant Adri\u00e0 del Bes\u00f2s, Catalonia, 2023.<\/span><\/li><li style=\"font-weight: 400;\" aria-level=\"1\"><span style=\"font-weight: 400;\">&#8220;Coexist&#8221;, Girona Cultural Center, 2023.<\/span><\/li><li style=\"font-weight: 400;\" aria-level=\"1\"><span style=\"font-weight: 400;\">&#8220;Beyond the storm&#8221;, Festival Mitgeres, Valls, Catalonia, 2023.<\/span><\/li><li style=\"font-weight: 400;\" aria-level=\"1\"><span style=\"font-weight: 400;\">&#8220;The 7th mission&#8221;, UAB, Barcelona, 2023.<\/span><\/li><li style=\"font-weight: 400;\" aria-level=\"1\"><span style=\"font-weight: 400;\">&#8220;Coexist&#8221;, College of Journalists, Girona, 2023.<\/span><\/li><li style=\"font-weight: 400;\" aria-level=\"1\"><span style=\"font-weight: 400;\">&#8220;The 7th mission&#8221;, CC Drassanes, Barcelona, 2023.<\/span><\/li><li style=\"font-weight: 400;\" aria-level=\"1\"><span style=\"font-weight: 400;\">&#8220;Beyond the storm&#8221;, Visa Off, Visa Pour L&#8217;Image, Perpignan, France, 2023.<\/span><\/li><li style=\"font-weight: 400;\" aria-level=\"1\"><span style=\"font-weight: 400;\">&#8220;Love to not forget&#8221; &amp; &#8220;Train writers&#8221;, Palau Robert, Barcelona, 2023.<\/span><\/li><li style=\"font-weight: 400;\" aria-level=\"1\"><span style=\"font-weight: 400;\">&#8220;The 7th mission&#8221;, Espai Jove La Fontana, Barcelona, 2022.<\/span><\/li><li style=\"font-weight: 400;\" aria-level=\"1\"><span style=\"font-weight: 400;\">&#8220;Love to not forget&#8221; &amp; &#8220;Train writers&#8221;, Miravisions, Lleida, 2022.<\/span><\/li><li style=\"font-weight: 400;\" aria-level=\"1\"><span style=\"font-weight: 400;\">&#8220;The 7th mission&#8221;, Visa Off, Visa Pour L&#8217;Image, Perpignan, France, 2022.<\/span><\/li><li style=\"font-weight: 400;\" aria-level=\"1\"><span style=\"font-weight: 400;\">&#8220;Imprisonment of Pablo Has\u00e9l&#8221;, Visa Off, Visa Pour L&#8217;Image, Perpignan, France, 2021.<\/span><\/li><li style=\"font-weight: 400;\" aria-level=\"1\"><span style=\"font-weight: 400;\">&#8220;Love to not forget&#8221;, PhotoEspa\u00f1a, Ciutadella\u2019s Park, Barcelona, 2020.<\/span><\/li><li style=\"font-weight: 400;\" aria-level=\"1\"><span style=\"font-weight: 400;\">&#8220;Alatac&#8221;, Photogenic Festival, Barcelona, 2020.<\/span><\/li><\/ul>\t\t\t\t\t\t\t\t<\/div>\n\t\t\t\t<\/div>\n\t\t\t\t\t<\/div>\n\t\t\t\t<\/div>\n\t\t\t\t<\/div>\n\t\t\t\t\t<\/details>\n\t\t\t\t\t<\/div>\n\t\t\t\t\t\t<\/div>\n\t\t\t\t<\/div>\n\t\t\t\t<div class=\"elementor-element elementor-element-d217465 elementor-widget elementor-widget-spacer\" data-id=\"d217465\" data-element_type=\"widget\" data-e-type=\"widget\" data-widget_type=\"spacer.default\">\n\t\t\t\t<div class=\"elementor-widget-container\">\n\t\t\t\t\t\t\t<div class=\"elementor-spacer\">\n\t\t\t<div class=\"elementor-spacer-inner\"><\/div>\n\t\t<\/div>\n\t\t\t\t\t\t<\/div>\n\t\t\t\t<\/div>\n\t\t\t\t<\/div>\n\t\t\t\t<\/div>\n\t\t\t\t\t<\/div>\n\t\t\t\t<\/div>\n\t\t\t\t<\/div>\n\t\t","protected":false},"excerpt":{"rendered":"<p>ABOUT ME BIOGRAPHY Pau de la Calle Argel\u00e9s, freelance photojournalist based in Barcelona. I\u2019m Pau de la Calle Argel\u00e9s, a freelance photojournalist born in Barcelona in 2000. After graduating with a degree in Photography from EASD Serra i Abella, I completed a postgraduate degree in Photojournalism at UAB. I\u2019m working on daily news, long-term documentary [&hellip;]<\/p>\n","protected":false},"author":3,"featured_media":0,"parent":0,"menu_order":0,"comment_status":"closed","ping_status":"closed","template":"elementor_header_footer","meta":{"footnotes":""},"class_list":["post-1865","page","type-page","status-publish","hentry"],"yoast_head":"<!-- This site is optimized with the Yoast SEO plugin v27.0 - https:\/\/yoast.com\/product\/yoast-seo-wordpress\/ -->\n<title>About me - Pau de la calle<\/title>\n<meta name=\"robots\" content=\"index, follow, max-snippet:-1, max-image-preview:large, max-video-preview:-1\" \/>\n<link rel=\"canonical\" href=\"https:\/\/paudelacalle.com\/sobre-mi\/\" \/>\n<meta property=\"og:locale\" content=\"en_US\" \/>\n<meta property=\"og:type\" content=\"article\" \/>\n<meta property=\"og:title\" content=\"About me - Pau de la calle\" \/>\n<meta property=\"og:description\" content=\"ABOUT ME BIOGRAPHY Pau de la Calle Argel\u00e9s, freelance photojournalist based in Barcelona. I\u2019m Pau de la Calle Argel\u00e9s, a freelance photojournalist born in Barcelona in 2000. After graduating with a degree in Photography from EASD Serra i Abella, I completed a postgraduate degree in Photojournalism at UAB. I\u2019m working on daily news, long-term documentary [&hellip;]\" \/>\n<meta property=\"og:url\" content=\"https:\/\/paudelacalle.com\/sobre-mi\/\" \/>\n<meta property=\"og:site_name\" content=\"Pau de la calle\" \/>\n<meta property=\"article:modified_time\" content=\"2025-06-17T12:19:18+00:00\" \/>\n<meta property=\"og:image\" content=\"https:\/\/paudelacalle.com\/wp-content\/uploads\/2025\/01\/retrato-pau-japon-1024x704.png\" \/>\n\t<meta property=\"og:image:width\" content=\"1024\" \/>\n\t<meta property=\"og:image:height\" content=\"704\" \/>\n\t<meta property=\"og:image:type\" content=\"image\/png\" \/>\n<meta name=\"twitter:card\" content=\"summary_large_image\" \/>\n<meta name=\"twitter:label1\" content=\"Est. reading time\" \/>\n\t<meta name=\"twitter:data1\" content=\"5 minutes\" \/>\n<script type=\"application\/ld+json\" class=\"yoast-schema-graph\">{\"@context\":\"https:\/\/schema.org\",\"@graph\":[{\"@type\":\"WebPage\",\"@id\":\"https:\/\/paudelacalle.com\/sobre-mi\/\",\"url\":\"https:\/\/paudelacalle.com\/sobre-mi\/\",\"name\":\"About me - Pau de la calle\",\"isPartOf\":{\"@id\":\"https:\/\/paudelacalle.com\/#website\"},\"primaryImageOfPage\":{\"@id\":\"https:\/\/paudelacalle.com\/sobre-mi\/#primaryimage\"},\"image\":{\"@id\":\"https:\/\/paudelacalle.com\/sobre-mi\/#primaryimage\"},\"thumbnailUrl\":\"https:\/\/paudelacalle.com\/wp-content\/uploads\/2025\/01\/retrato-pau-japon.png\",\"datePublished\":\"2025-01-14T11:45:57+00:00\",\"dateModified\":\"2025-06-17T12:19:18+00:00\",\"breadcrumb\":{\"@id\":\"https:\/\/paudelacalle.com\/sobre-mi\/#breadcrumb\"},\"inLanguage\":\"en-US\",\"potentialAction\":[{\"@type\":\"ReadAction\",\"target\":[\"https:\/\/paudelacalle.com\/sobre-mi\/\"]}]},{\"@type\":\"ImageObject\",\"inLanguage\":\"en-US\",\"@id\":\"https:\/\/paudelacalle.com\/sobre-mi\/#primaryimage\",\"url\":\"https:\/\/paudelacalle.com\/wp-content\/uploads\/2025\/01\/retrato-pau-japon.png\",\"contentUrl\":\"https:\/\/paudelacalle.com\/wp-content\/uploads\/2025\/01\/retrato-pau-japon.png\"},{\"@type\":\"BreadcrumbList\",\"@id\":\"https:\/\/paudelacalle.com\/sobre-mi\/#breadcrumb\",\"itemListElement\":[{\"@type\":\"ListItem\",\"position\":1,\"name\":\"Inici\",\"item\":\"https:\/\/paudelacalle.com\/en\/\"},{\"@type\":\"ListItem\",\"position\":2,\"name\":\"About me\"}]},{\"@type\":\"WebSite\",\"@id\":\"https:\/\/paudelacalle.com\/#website\",\"url\":\"https:\/\/paudelacalle.com\/\",\"name\":\"Pau de la calle\",\"description\":\"\",\"potentialAction\":[{\"@type\":\"SearchAction\",\"target\":{\"@type\":\"EntryPoint\",\"urlTemplate\":\"https:\/\/paudelacalle.com\/?s={search_term_string}\"},\"query-input\":{\"@type\":\"PropertyValueSpecification\",\"valueRequired\":true,\"valueName\":\"search_term_string\"}}],\"inLanguage\":\"en-US\"}]}<\/script>\n<!-- \/ Yoast SEO plugin. -->","yoast_head_json":{"title":"About me - Pau de la calle","robots":{"index":"index","follow":"follow","max-snippet":"max-snippet:-1","max-image-preview":"max-image-preview:large","max-video-preview":"max-video-preview:-1"},"canonical":"https:\/\/paudelacalle.com\/sobre-mi\/","og_locale":"en_US","og_type":"article","og_title":"About me - Pau de la calle","og_description":"ABOUT ME BIOGRAPHY Pau de la Calle Argel\u00e9s, freelance photojournalist based in Barcelona. I\u2019m Pau de la Calle Argel\u00e9s, a freelance photojournalist born in Barcelona in 2000. After graduating with a degree in Photography from EASD Serra i Abella, I completed a postgraduate degree in Photojournalism at UAB. I\u2019m working on daily news, long-term documentary [&hellip;]","og_url":"https:\/\/paudelacalle.com\/sobre-mi\/","og_site_name":"Pau de la calle","article_modified_time":"2025-06-17T12:19:18+00:00","og_image":[{"width":1024,"height":704,"url":"https:\/\/paudelacalle.com\/wp-content\/uploads\/2025\/01\/retrato-pau-japon-1024x704.png","type":"image\/png"}],"twitter_card":"summary_large_image","twitter_misc":{"Est. reading time":"5 minutes"},"schema":{"@context":"https:\/\/schema.org","@graph":[{"@type":"WebPage","@id":"https:\/\/paudelacalle.com\/sobre-mi\/","url":"https:\/\/paudelacalle.com\/sobre-mi\/","name":"About me - Pau de la calle","isPartOf":{"@id":"https:\/\/paudelacalle.com\/#website"},"primaryImageOfPage":{"@id":"https:\/\/paudelacalle.com\/sobre-mi\/#primaryimage"},"image":{"@id":"https:\/\/paudelacalle.com\/sobre-mi\/#primaryimage"},"thumbnailUrl":"https:\/\/paudelacalle.com\/wp-content\/uploads\/2025\/01\/retrato-pau-japon.png","datePublished":"2025-01-14T11:45:57+00:00","dateModified":"2025-06-17T12:19:18+00:00","breadcrumb":{"@id":"https:\/\/paudelacalle.com\/sobre-mi\/#breadcrumb"},"inLanguage":"en-US","potentialAction":[{"@type":"ReadAction","target":["https:\/\/paudelacalle.com\/sobre-mi\/"]}]},{"@type":"ImageObject","inLanguage":"en-US","@id":"https:\/\/paudelacalle.com\/sobre-mi\/#primaryimage","url":"https:\/\/paudelacalle.com\/wp-content\/uploads\/2025\/01\/retrato-pau-japon.png","contentUrl":"https:\/\/paudelacalle.com\/wp-content\/uploads\/2025\/01\/retrato-pau-japon.png"},{"@type":"BreadcrumbList","@id":"https:\/\/paudelacalle.com\/sobre-mi\/#breadcrumb","itemListElement":[{"@type":"ListItem","position":1,"name":"Inici","item":"https:\/\/paudelacalle.com\/en\/"},{"@type":"ListItem","position":2,"name":"About me"}]},{"@type":"WebSite","@id":"https:\/\/paudelacalle.com\/#website","url":"https:\/\/paudelacalle.com\/","name":"Pau de la calle","description":"","potentialAction":[{"@type":"SearchAction","target":{"@type":"EntryPoint","urlTemplate":"https:\/\/paudelacalle.com\/?s={search_term_string}"},"query-input":{"@type":"PropertyValueSpecification","valueRequired":true,"valueName":"search_term_string"}}],"inLanguage":"en-US"}]}},"_links":{"self":[{"href":"https:\/\/paudelacalle.com\/en\/wp-json\/wp\/v2\/pages\/1865","targetHints":{"allow":["GET"]}}],"collection":[{"href":"https:\/\/paudelacalle.com\/en\/wp-json\/wp\/v2\/pages"}],"about":[{"href":"https:\/\/paudelacalle.com\/en\/wp-json\/wp\/v2\/types\/page"}],"author":[{"embeddable":true,"href":"https:\/\/paudelacalle.com\/en\/wp-json\/wp\/v2\/users\/3"}],"replies":[{"embeddable":true,"href":"https:\/\/paudelacalle.com\/en\/wp-json\/wp\/v2\/comments?post=1865"}],"version-history":[{"count":28,"href":"https:\/\/paudelacalle.com\/en\/wp-json\/wp\/v2\/pages\/1865\/revisions"}],"predecessor-version":[{"id":3263,"href":"https:\/\/paudelacalle.com\/en\/wp-json\/wp\/v2\/pages\/1865\/revisions\/3263"}],"wp:attachment":[{"href":"https:\/\/paudelacalle.com\/en\/wp-json\/wp\/v2\/media?parent=1865"}],"curies":[{"name":"wp","href":"https:\/\/api.w.org\/{rel}","templated":true}]}}