{"id":1578,"date":"2025-01-09T15:04:59","date_gmt":"2025-01-09T14:04:59","guid":{"rendered":"https:\/\/paudelacalle.com\/lempresonament-de-pablo-hasel\/"},"modified":"2025-06-19T16:26:38","modified_gmt":"2025-06-19T14:26:38","slug":"el-encarcelamiento-de-pablo-hasel","status":"publish","type":"page","link":"https:\/\/paudelacalle.com\/es\/el-encarcelamiento-de-pablo-hasel\/","title":{"rendered":"El encarcelamiento de Pablo\u00a0Hasel"},"content":{"rendered":"\t\t<div data-elementor-type=\"wp-page\" data-elementor-id=\"1578\" class=\"elementor elementor-1578 elementor-212\" data-elementor-post-type=\"page\">\n\t\t\t\t<div class=\"elementor-element elementor-element-73391e9 e-con-full e-flex e-con e-parent\" data-id=\"73391e9\" data-element_type=\"container\" data-e-type=\"container\" data-settings=\"{&quot;background_background&quot;:&quot;classic&quot;}\">\n\t\t\t\t<div class=\"elementor-element elementor-element-ae3ec21 elementor-widget elementor-widget-heading\" data-id=\"ae3ec21\" data-element_type=\"widget\" data-e-type=\"widget\" data-widget_type=\"heading.default\">\n\t\t\t\t<div class=\"elementor-widget-container\">\n\t\t\t\t\t<h2 class=\"elementor-heading-title elementor-size-default\">EL ENCARCELAMIENTO DE PABLO HAS\u00c9L<\/h2>\t\t\t\t<\/div>\n\t\t\t\t<\/div>\n\t\t\t\t<div class=\"elementor-element elementor-element-2589a62 elementor-widget elementor-widget-heading\" data-id=\"2589a62\" data-element_type=\"widget\" data-e-type=\"widget\" data-widget_type=\"heading.default\">\n\t\t\t\t<div class=\"elementor-widget-container\">\n\t\t\t\t\t<h2 class=\"elementor-heading-title elementor-size-default\">Historias \u00b7 Editorial<\/h2>\t\t\t\t<\/div>\n\t\t\t\t<\/div>\n\t\t\t\t<\/div>\n\t\t<div class=\"elementor-element elementor-element-c566ca0 e-flex e-con-boxed e-con e-parent\" data-id=\"c566ca0\" data-element_type=\"container\" data-e-type=\"container\" data-settings=\"{&quot;background_background&quot;:&quot;classic&quot;}\">\n\t\t\t\t\t<div class=\"e-con-inner\">\n\t\t\t\t<div class=\"elementor-element elementor-element-eb492c3 elementor-widget elementor-widget-text-editor\" data-id=\"eb492c3\" data-element_type=\"widget\" data-e-type=\"widget\" data-widget_type=\"text-editor.default\">\n\t\t\t\t<div class=\"elementor-widget-container\">\n\t\t\t\t\t\t\t\t\t<p><span style=\"font-weight: 400;\">El 15 de febrero de 2021, el rapero catal\u00e1n Pablo Has\u00e9l se encerr\u00f3 en la Universidad de Lleida junto con sus compa\u00f1eros para intentar evitar su detenci\u00f3n. A las 7 de la ma\u00f1ana del d\u00eda siguiente, la polic\u00eda irrumpi\u00f3 en la universidad para arrestarlo. Este incidente desencaden\u00f3 una ola de protestas por todo el pa\u00eds, siendo Barcelona la ciudad donde los disturbios fueron m\u00e1s intensos y violentos.<\/span><\/p><p><span style=\"font-weight: 400;\">Algunas de estas fotograf\u00edas se han publicado en medios como La Vanguardia, The Guardian, El Mundo, Diari ARA, La Raz\u00f3n, elDiario.es, El Nacional, entre otros.<\/span><\/p>\t\t\t\t\t\t\t\t<\/div>\n\t\t\t\t<\/div>\n\t\t\t\t\t<\/div>\n\t\t\t\t<\/div>\n\t\t<div class=\"elementor-element elementor-element-c2aee29 e-flex e-con-boxed e-con e-parent\" data-id=\"c2aee29\" data-element_type=\"container\" data-e-type=\"container\" data-settings=\"{&quot;background_background&quot;:&quot;classic&quot;}\">\n\t\t\t\t\t<div class=\"e-con-inner\">\n\t\t<div class=\"elementor-element elementor-element-9bbe214 e-con-full e-flex e-con e-child\" data-id=\"9bbe214\" data-element_type=\"container\" data-e-type=\"container\">\n\t\t<div class=\"elementor-element elementor-element-80c677c e-con-full e-flex elementor-invisible e-con e-child\" data-id=\"80c677c\" data-element_type=\"container\" data-e-type=\"container\" data-settings=\"{&quot;animation&quot;:&quot;fadeInLeft&quot;}\">\n\t\t\t\t<div class=\"elementor-element elementor-element-0724669 elementor-widget elementor-widget-image\" data-id=\"0724669\" data-element_type=\"widget\" data-e-type=\"widget\" data-widget_type=\"image.default\">\n\t\t\t\t<div class=\"elementor-widget-container\">\n\t\t\t\t\t\t\t\t\t\t\t\t\t\t\t\t<a href=\"https:\/\/paudelacalle.com\/wp-content\/uploads\/2025\/01\/PabloHasel001-scaled.jpg\" data-elementor-open-lightbox=\"yes\" data-elementor-lightbox-title=\"PabloHasel001\" data-e-action-hash=\"#elementor-action%3Aaction%3Dlightbox%26settings%3DeyJpZCI6MTA3MSwidXJsIjoiaHR0cHM6XC9cL3BhdWRlbGFjYWxsZS5jb21cL3dwLWNvbnRlbnRcL3VwbG9hZHNcLzIwMjVcLzAxXC9QYWJsb0hhc2VsMDAxLXNjYWxlZC53ZWJwIn0%3D\">\n\t\t\t\t\t\t\t<img fetchpriority=\"high\" decoding=\"async\" width=\"1920\" height=\"1280\" src=\"https:\/\/paudelacalle.com\/wp-content\/uploads\/2025\/01\/PabloHasel001-scaled.webp\" class=\"attachment-full size-full wp-image-1071\" alt=\"\" srcset=\"https:\/\/paudelacalle.com\/wp-content\/uploads\/2025\/01\/PabloHasel001-scaled.webp 1920w, https:\/\/paudelacalle.com\/wp-content\/uploads\/2025\/01\/PabloHasel001-300x200.webp 300w, https:\/\/paudelacalle.com\/wp-content\/uploads\/2025\/01\/PabloHasel001-1024x683.webp 1024w, https:\/\/paudelacalle.com\/wp-content\/uploads\/2025\/01\/PabloHasel001-768x512.webp 768w, https:\/\/paudelacalle.com\/wp-content\/uploads\/2025\/01\/PabloHasel001-1536x1024.webp 1536w\" sizes=\"(max-width: 1920px) 100vw, 1920px\" \/>\t\t\t\t\t\t\t\t<\/a>\n\t\t\t\t\t\t\t\t\t\t\t\t\t\t\t<\/div>\n\t\t\t\t<\/div>\n\t\t\t\t<\/div>\n\t\t<div class=\"elementor-element elementor-element-821bad2 e-con-full e-flex elementor-invisible e-con e-child\" data-id=\"821bad2\" data-element_type=\"container\" data-e-type=\"container\" data-settings=\"{&quot;animation&quot;:&quot;fadeInRight&quot;}\">\n\t\t\t\t<div class=\"elementor-element elementor-element-b8a9990 elementor-widget elementor-widget-image\" data-id=\"b8a9990\" data-element_type=\"widget\" data-e-type=\"widget\" data-widget_type=\"image.default\">\n\t\t\t\t<div class=\"elementor-widget-container\">\n\t\t\t\t\t\t\t\t\t\t\t\t\t\t\t\t<a href=\"https:\/\/paudelacalle.com\/wp-content\/uploads\/2025\/01\/PabloHasel002-scaled.jpg\" data-elementor-open-lightbox=\"yes\" data-elementor-lightbox-title=\"PabloHasel002\" data-e-action-hash=\"#elementor-action%3Aaction%3Dlightbox%26settings%3DeyJpZCI6MTA3MywidXJsIjoiaHR0cHM6XC9cL3BhdWRlbGFjYWxsZS5jb21cL3dwLWNvbnRlbnRcL3VwbG9hZHNcLzIwMjVcLzAxXC9QYWJsb0hhc2VsMDAyLXNjYWxlZC5qcGcifQ%3D%3D\">\n\t\t\t\t\t\t\t<img decoding=\"async\" width=\"2560\" height=\"1707\" src=\"https:\/\/paudelacalle.com\/wp-content\/uploads\/2025\/01\/PabloHasel002-scaled.jpg\" class=\"attachment-full size-full wp-image-1073\" alt=\"\" srcset=\"https:\/\/paudelacalle.com\/wp-content\/uploads\/2025\/01\/PabloHasel002-scaled.jpg 2560w, https:\/\/paudelacalle.com\/wp-content\/uploads\/2025\/01\/PabloHasel002-300x200.jpg 300w, https:\/\/paudelacalle.com\/wp-content\/uploads\/2025\/01\/PabloHasel002-1024x683.jpg 1024w, https:\/\/paudelacalle.com\/wp-content\/uploads\/2025\/01\/PabloHasel002-768x512.jpg 768w, https:\/\/paudelacalle.com\/wp-content\/uploads\/2025\/01\/PabloHasel002-1536x1024.jpg 1536w, https:\/\/paudelacalle.com\/wp-content\/uploads\/2025\/01\/PabloHasel002-2048x1365.jpg 2048w\" sizes=\"(max-width: 2560px) 100vw, 2560px\" \/>\t\t\t\t\t\t\t\t<\/a>\n\t\t\t\t\t\t\t\t\t\t\t\t\t\t\t<\/div>\n\t\t\t\t<\/div>\n\t\t\t\t<\/div>\n\t\t\t\t<\/div>\n\t\t<div class=\"elementor-element elementor-element-e6c6783 e-con-full e-flex e-con e-child\" data-id=\"e6c6783\" data-element_type=\"container\" data-e-type=\"container\">\n\t\t<div class=\"elementor-element elementor-element-d8e4e48 e-con-full e-flex elementor-invisible e-con e-child\" data-id=\"d8e4e48\" data-element_type=\"container\" data-e-type=\"container\" data-settings=\"{&quot;animation&quot;:&quot;fadeInUp&quot;}\">\n\t\t\t\t<div class=\"elementor-element elementor-element-caa50f3 elementor-widget elementor-widget-image\" data-id=\"caa50f3\" data-element_type=\"widget\" data-e-type=\"widget\" data-widget_type=\"image.default\">\n\t\t\t\t<div class=\"elementor-widget-container\">\n\t\t\t\t\t\t\t\t\t\t\t\t\t\t\t\t<a href=\"https:\/\/paudelacalle.com\/wp-content\/uploads\/2025\/01\/PabloHasel003-scaled.jpg\" data-elementor-open-lightbox=\"yes\" data-elementor-lightbox-title=\"PabloHasel003\" data-e-action-hash=\"#elementor-action%3Aaction%3Dlightbox%26settings%3DeyJpZCI6MTA3NSwidXJsIjoiaHR0cHM6XC9cL3BhdWRlbGFjYWxsZS5jb21cL3dwLWNvbnRlbnRcL3VwbG9hZHNcLzIwMjVcLzAxXC9QYWJsb0hhc2VsMDAzLXNjYWxlZC53ZWJwIn0%3D\">\n\t\t\t\t\t\t\t<img decoding=\"async\" width=\"1920\" height=\"1280\" src=\"https:\/\/paudelacalle.com\/wp-content\/uploads\/2025\/01\/PabloHasel003-scaled.webp\" class=\"attachment-full size-full wp-image-1075\" alt=\"\" srcset=\"https:\/\/paudelacalle.com\/wp-content\/uploads\/2025\/01\/PabloHasel003-scaled.webp 1920w, https:\/\/paudelacalle.com\/wp-content\/uploads\/2025\/01\/PabloHasel003-300x200.webp 300w, https:\/\/paudelacalle.com\/wp-content\/uploads\/2025\/01\/PabloHasel003-1024x683.webp 1024w, https:\/\/paudelacalle.com\/wp-content\/uploads\/2025\/01\/PabloHasel003-768x512.webp 768w, https:\/\/paudelacalle.com\/wp-content\/uploads\/2025\/01\/PabloHasel003-1536x1024.webp 1536w\" sizes=\"(max-width: 1920px) 100vw, 1920px\" \/>\t\t\t\t\t\t\t\t<\/a>\n\t\t\t\t\t\t\t\t\t\t\t\t\t\t\t<\/div>\n\t\t\t\t<\/div>\n\t\t\t\t<\/div>\n\t\t\t\t<\/div>\n\t\t<div class=\"elementor-element elementor-element-e35f6f6 e-con-full e-flex e-con e-child\" data-id=\"e35f6f6\" data-element_type=\"container\" data-e-type=\"container\">\n\t\t<div class=\"elementor-element elementor-element-8277650 e-con-full e-flex elementor-invisible e-con e-child\" data-id=\"8277650\" data-element_type=\"container\" data-e-type=\"container\" data-settings=\"{&quot;animation&quot;:&quot;fadeInLeft&quot;}\">\n\t\t\t\t<div class=\"elementor-element elementor-element-94da991 elementor-widget elementor-widget-image\" data-id=\"94da991\" data-element_type=\"widget\" data-e-type=\"widget\" data-widget_type=\"image.default\">\n\t\t\t\t<div class=\"elementor-widget-container\">\n\t\t\t\t\t\t\t\t\t\t\t\t\t\t\t\t<a href=\"https:\/\/paudelacalle.com\/wp-content\/uploads\/2025\/01\/PabloHasel004-scaled.jpg\" data-elementor-open-lightbox=\"yes\" data-elementor-lightbox-title=\"PabloHasel004\" data-e-action-hash=\"#elementor-action%3Aaction%3Dlightbox%26settings%3DeyJpZCI6MTA3NywidXJsIjoiaHR0cHM6XC9cL3BhdWRlbGFjYWxsZS5jb21cL3dwLWNvbnRlbnRcL3VwbG9hZHNcLzIwMjVcLzAxXC9QYWJsb0hhc2VsMDA0LXNjYWxlZC53ZWJwIn0%3D\">\n\t\t\t\t\t\t\t<img loading=\"lazy\" decoding=\"async\" width=\"1920\" height=\"1280\" src=\"https:\/\/paudelacalle.com\/wp-content\/uploads\/2025\/01\/PabloHasel004-scaled.webp\" class=\"attachment-full size-full wp-image-1077\" alt=\"\" srcset=\"https:\/\/paudelacalle.com\/wp-content\/uploads\/2025\/01\/PabloHasel004-scaled.webp 1920w, https:\/\/paudelacalle.com\/wp-content\/uploads\/2025\/01\/PabloHasel004-300x200.webp 300w, https:\/\/paudelacalle.com\/wp-content\/uploads\/2025\/01\/PabloHasel004-1024x683.webp 1024w, https:\/\/paudelacalle.com\/wp-content\/uploads\/2025\/01\/PabloHasel004-768x512.webp 768w, https:\/\/paudelacalle.com\/wp-content\/uploads\/2025\/01\/PabloHasel004-1536x1024.webp 1536w\" sizes=\"(max-width: 1920px) 100vw, 1920px\" \/>\t\t\t\t\t\t\t\t<\/a>\n\t\t\t\t\t\t\t\t\t\t\t\t\t\t\t<\/div>\n\t\t\t\t<\/div>\n\t\t\t\t<\/div>\n\t\t<div class=\"elementor-element elementor-element-ba4449b e-con-full e-flex elementor-invisible e-con e-child\" data-id=\"ba4449b\" data-element_type=\"container\" data-e-type=\"container\" data-settings=\"{&quot;animation&quot;:&quot;fadeInRight&quot;}\">\n\t\t\t\t<div class=\"elementor-element elementor-element-0ffce18 elementor-widget elementor-widget-image\" data-id=\"0ffce18\" data-element_type=\"widget\" data-e-type=\"widget\" data-widget_type=\"image.default\">\n\t\t\t\t<div class=\"elementor-widget-container\">\n\t\t\t\t\t\t\t\t\t\t\t\t\t\t\t\t<a href=\"https:\/\/paudelacalle.com\/wp-content\/uploads\/2025\/01\/PabloHasel006-scaled.webp\" data-elementor-open-lightbox=\"yes\" data-elementor-lightbox-title=\"PabloHasel006\" data-e-action-hash=\"#elementor-action%3Aaction%3Dlightbox%26settings%3DeyJpZCI6MTA2NywidXJsIjoiaHR0cHM6XC9cL3BhdWRlbGFjYWxsZS5jb21cL3dwLWNvbnRlbnRcL3VwbG9hZHNcLzIwMjVcLzAxXC9QYWJsb0hhc2VsMDA2LXNjYWxlZC53ZWJwIn0%3D\">\n\t\t\t\t\t\t\t<img loading=\"lazy\" decoding=\"async\" width=\"1920\" height=\"1280\" src=\"https:\/\/paudelacalle.com\/wp-content\/uploads\/2025\/01\/PabloHasel006-scaled.webp\" class=\"attachment-full size-full wp-image-1067\" alt=\"\" srcset=\"https:\/\/paudelacalle.com\/wp-content\/uploads\/2025\/01\/PabloHasel006-scaled.webp 1920w, https:\/\/paudelacalle.com\/wp-content\/uploads\/2025\/01\/PabloHasel006-300x200.webp 300w, https:\/\/paudelacalle.com\/wp-content\/uploads\/2025\/01\/PabloHasel006-1024x683.webp 1024w, https:\/\/paudelacalle.com\/wp-content\/uploads\/2025\/01\/PabloHasel006-768x512.webp 768w, https:\/\/paudelacalle.com\/wp-content\/uploads\/2025\/01\/PabloHasel006-1536x1024.webp 1536w\" sizes=\"(max-width: 1920px) 100vw, 1920px\" \/>\t\t\t\t\t\t\t\t<\/a>\n\t\t\t\t\t\t\t\t\t\t\t\t\t\t\t<\/div>\n\t\t\t\t<\/div>\n\t\t\t\t<\/div>\n\t\t\t\t<\/div>\n\t\t<div class=\"elementor-element elementor-element-14f6faa e-con-full e-flex elementor-invisible e-con e-child\" data-id=\"14f6faa\" data-element_type=\"container\" data-e-type=\"container\" data-settings=\"{&quot;animation&quot;:&quot;fadeInUp&quot;}\">\n\t\t<div class=\"elementor-element elementor-element-dcfd9f7 e-con-full e-flex e-con e-child\" data-id=\"dcfd9f7\" data-element_type=\"container\" data-e-type=\"container\">\n\t\t\t\t<div class=\"elementor-element elementor-element-af3882c elementor-widget elementor-widget-image\" data-id=\"af3882c\" data-element_type=\"widget\" data-e-type=\"widget\" data-widget_type=\"image.default\">\n\t\t\t\t<div class=\"elementor-widget-container\">\n\t\t\t\t\t\t\t\t\t\t\t\t\t\t\t\t<a href=\"https:\/\/paudelacalle.com\/wp-content\/uploads\/2025\/01\/PabloHasel005-scaled.webp\" data-elementor-open-lightbox=\"yes\" data-elementor-lightbox-title=\"PabloHasel005\" data-e-action-hash=\"#elementor-action%3Aaction%3Dlightbox%26settings%3DeyJpZCI6MTA2NSwidXJsIjoiaHR0cHM6XC9cL3BhdWRlbGFjYWxsZS5jb21cL3dwLWNvbnRlbnRcL3VwbG9hZHNcLzIwMjVcLzAxXC9QYWJsb0hhc2VsMDA1LXNjYWxlZC53ZWJwIn0%3D\">\n\t\t\t\t\t\t\t<img loading=\"lazy\" decoding=\"async\" width=\"1920\" height=\"1280\" src=\"https:\/\/paudelacalle.com\/wp-content\/uploads\/2025\/01\/PabloHasel005-scaled.webp\" class=\"attachment-full size-full wp-image-1065\" alt=\"\" srcset=\"https:\/\/paudelacalle.com\/wp-content\/uploads\/2025\/01\/PabloHasel005-scaled.webp 1920w, https:\/\/paudelacalle.com\/wp-content\/uploads\/2025\/01\/PabloHasel005-300x200.webp 300w, https:\/\/paudelacalle.com\/wp-content\/uploads\/2025\/01\/PabloHasel005-1024x683.webp 1024w, https:\/\/paudelacalle.com\/wp-content\/uploads\/2025\/01\/PabloHasel005-768x512.webp 768w, https:\/\/paudelacalle.com\/wp-content\/uploads\/2025\/01\/PabloHasel005-1536x1024.jpg 1536w, https:\/\/paudelacalle.com\/wp-content\/uploads\/2025\/01\/PabloHasel005-2048x1365.jpg 2048w\" sizes=\"(max-width: 1920px) 100vw, 1920px\" \/>\t\t\t\t\t\t\t\t<\/a>\n\t\t\t\t\t\t\t\t\t\t\t\t\t\t\t<\/div>\n\t\t\t\t<\/div>\n\t\t\t\t<\/div>\n\t\t<div class=\"elementor-element elementor-element-25f46dd e-con-full e-flex e-con e-child\" data-id=\"25f46dd\" data-element_type=\"container\" data-e-type=\"container\">\n\t\t\t\t<div class=\"elementor-element elementor-element-367ad93 elementor-widget elementor-widget-image\" data-id=\"367ad93\" data-element_type=\"widget\" data-e-type=\"widget\" data-widget_type=\"image.default\">\n\t\t\t\t<div class=\"elementor-widget-container\">\n\t\t\t\t\t\t\t\t\t\t\t\t\t\t\t\t<a href=\"https:\/\/paudelacalle.com\/wp-content\/uploads\/2025\/01\/PabloHasel007-scaled.webp\" data-elementor-open-lightbox=\"yes\" data-elementor-lightbox-title=\"PabloHasel007\" data-e-action-hash=\"#elementor-action%3Aaction%3Dlightbox%26settings%3DeyJpZCI6MTA2OSwidXJsIjoiaHR0cHM6XC9cL3BhdWRlbGFjYWxsZS5jb21cL3dwLWNvbnRlbnRcL3VwbG9hZHNcLzIwMjVcLzAxXC9QYWJsb0hhc2VsMDA3LXNjYWxlZC53ZWJwIn0%3D\">\n\t\t\t\t\t\t\t<img loading=\"lazy\" decoding=\"async\" width=\"1920\" height=\"1280\" src=\"https:\/\/paudelacalle.com\/wp-content\/uploads\/2025\/01\/PabloHasel007-scaled.webp\" class=\"attachment-full size-full wp-image-1069\" alt=\"\" srcset=\"https:\/\/paudelacalle.com\/wp-content\/uploads\/2025\/01\/PabloHasel007-scaled.webp 1920w, https:\/\/paudelacalle.com\/wp-content\/uploads\/2025\/01\/PabloHasel007-300x200.webp 300w, https:\/\/paudelacalle.com\/wp-content\/uploads\/2025\/01\/PabloHasel007-1024x683.webp 1024w, https:\/\/paudelacalle.com\/wp-content\/uploads\/2025\/01\/PabloHasel007-768x512.webp 768w, https:\/\/paudelacalle.com\/wp-content\/uploads\/2025\/01\/PabloHasel007-1536x1024.webp 1536w\" sizes=\"(max-width: 1920px) 100vw, 1920px\" \/>\t\t\t\t\t\t\t\t<\/a>\n\t\t\t\t\t\t\t\t\t\t\t\t\t\t\t<\/div>\n\t\t\t\t<\/div>\n\t\t\t\t<\/div>\n\t\t\t\t<\/div>\n\t\t\t\t\t<\/div>\n\t\t\t\t<\/div>\n\t\t\t\t<\/div>\n\t\t","protected":false},"excerpt":{"rendered":"<p>EL ENCARCELAMIENTO DE PABLO HAS\u00c9L Historias \u00b7 Editorial El 15 de febrero de 2021, el rapero catal\u00e1n Pablo Has\u00e9l se encerr\u00f3 en la Universidad de Lleida junto con sus compa\u00f1eros para intentar evitar su detenci\u00f3n. A las 7 de la ma\u00f1ana del d\u00eda siguiente, la polic\u00eda irrumpi\u00f3 en la universidad para arrestarlo. Este incidente desencaden\u00f3 [&hellip;]<\/p>\n","protected":false},"author":3,"featured_media":0,"parent":0,"menu_order":0,"comment_status":"closed","ping_status":"closed","template":"elementor_header_footer","meta":{"footnotes":""},"class_list":["post-1578","page","type-page","status-publish","hentry"],"yoast_head":"<!-- This site is optimized with the Yoast SEO plugin v27.0 - https:\/\/yoast.com\/product\/yoast-seo-wordpress\/ -->\n<title>El encarcelamiento de Pablo\u00a0Hasel - Pau de la calle<\/title>\n<meta name=\"robots\" content=\"index, follow, max-snippet:-1, max-image-preview:large, max-video-preview:-1\" \/>\n<link rel=\"canonical\" href=\"https:\/\/paudelacalle.com\/lempresonament-de-pablo-hasel\/\" \/>\n<meta property=\"og:locale\" content=\"es_ES\" \/>\n<meta property=\"og:type\" content=\"article\" \/>\n<meta property=\"og:title\" content=\"El encarcelamiento de Pablo\u00a0Hasel - Pau de la calle\" \/>\n<meta property=\"og:description\" content=\"EL ENCARCELAMIENTO DE PABLO HAS\u00c9L Historias \u00b7 Editorial El 15 de febrero de 2021, el rapero catal\u00e1n Pablo Has\u00e9l se encerr\u00f3 en la Universidad de Lleida junto con sus compa\u00f1eros para intentar evitar su detenci\u00f3n. A las 7 de la ma\u00f1ana del d\u00eda siguiente, la polic\u00eda irrumpi\u00f3 en la universidad para arrestarlo. Este incidente desencaden\u00f3 [&hellip;]\" \/>\n<meta property=\"og:url\" content=\"https:\/\/paudelacalle.com\/lempresonament-de-pablo-hasel\/\" \/>\n<meta property=\"og:site_name\" content=\"Pau de la calle\" \/>\n<meta property=\"article:modified_time\" content=\"2025-06-19T14:26:38+00:00\" \/>\n<meta property=\"og:image\" content=\"https:\/\/paudelacalle.com\/wp-content\/uploads\/2025\/01\/PabloHasel001-scaled.webp\" \/>\n\t<meta property=\"og:image:width\" content=\"1920\" \/>\n\t<meta property=\"og:image:height\" content=\"1280\" \/>\n\t<meta property=\"og:image:type\" content=\"image\/webp\" \/>\n<meta name=\"twitter:card\" content=\"summary_large_image\" \/>\n<meta name=\"twitter:label1\" content=\"Tiempo de lectura\" \/>\n\t<meta name=\"twitter:data1\" content=\"2 minutos\" \/>\n<script type=\"application\/ld+json\" class=\"yoast-schema-graph\">{\"@context\":\"https:\/\/schema.org\",\"@graph\":[{\"@type\":\"WebPage\",\"@id\":\"https:\/\/paudelacalle.com\/lempresonament-de-pablo-hasel\/\",\"url\":\"https:\/\/paudelacalle.com\/lempresonament-de-pablo-hasel\/\",\"name\":\"El encarcelamiento de Pablo\u00a0Hasel - Pau de la calle\",\"isPartOf\":{\"@id\":\"https:\/\/paudelacalle.com\/#website\"},\"primaryImageOfPage\":{\"@id\":\"https:\/\/paudelacalle.com\/lempresonament-de-pablo-hasel\/#primaryimage\"},\"image\":{\"@id\":\"https:\/\/paudelacalle.com\/lempresonament-de-pablo-hasel\/#primaryimage\"},\"thumbnailUrl\":\"https:\/\/paudelacalle.com\/wp-content\/uploads\/2025\/01\/PabloHasel001-scaled.webp\",\"datePublished\":\"2025-01-09T14:04:59+00:00\",\"dateModified\":\"2025-06-19T14:26:38+00:00\",\"breadcrumb\":{\"@id\":\"https:\/\/paudelacalle.com\/lempresonament-de-pablo-hasel\/#breadcrumb\"},\"inLanguage\":\"es\",\"potentialAction\":[{\"@type\":\"ReadAction\",\"target\":[\"https:\/\/paudelacalle.com\/lempresonament-de-pablo-hasel\/\"]}]},{\"@type\":\"ImageObject\",\"inLanguage\":\"es\",\"@id\":\"https:\/\/paudelacalle.com\/lempresonament-de-pablo-hasel\/#primaryimage\",\"url\":\"https:\/\/paudelacalle.com\/wp-content\/uploads\/2025\/01\/PabloHasel001-scaled.webp\",\"contentUrl\":\"https:\/\/paudelacalle.com\/wp-content\/uploads\/2025\/01\/PabloHasel001-scaled.webp\"},{\"@type\":\"BreadcrumbList\",\"@id\":\"https:\/\/paudelacalle.com\/lempresonament-de-pablo-hasel\/#breadcrumb\",\"itemListElement\":[{\"@type\":\"ListItem\",\"position\":1,\"name\":\"Inici\",\"item\":\"https:\/\/paudelacalle.com\/es\/\"},{\"@type\":\"ListItem\",\"position\":2,\"name\":\"El encarcelamiento de Pablo\u00a0Hasel\"}]},{\"@type\":\"WebSite\",\"@id\":\"https:\/\/paudelacalle.com\/#website\",\"url\":\"https:\/\/paudelacalle.com\/\",\"name\":\"Pau de la calle\",\"description\":\"\",\"potentialAction\":[{\"@type\":\"SearchAction\",\"target\":{\"@type\":\"EntryPoint\",\"urlTemplate\":\"https:\/\/paudelacalle.com\/?s={search_term_string}\"},\"query-input\":{\"@type\":\"PropertyValueSpecification\",\"valueRequired\":true,\"valueName\":\"search_term_string\"}}],\"inLanguage\":\"es\"}]}<\/script>\n<!-- \/ Yoast SEO plugin. -->","yoast_head_json":{"title":"El encarcelamiento de Pablo\u00a0Hasel - Pau de la calle","robots":{"index":"index","follow":"follow","max-snippet":"max-snippet:-1","max-image-preview":"max-image-preview:large","max-video-preview":"max-video-preview:-1"},"canonical":"https:\/\/paudelacalle.com\/lempresonament-de-pablo-hasel\/","og_locale":"es_ES","og_type":"article","og_title":"El encarcelamiento de Pablo\u00a0Hasel - Pau de la calle","og_description":"EL ENCARCELAMIENTO DE PABLO HAS\u00c9L Historias \u00b7 Editorial El 15 de febrero de 2021, el rapero catal\u00e1n Pablo Has\u00e9l se encerr\u00f3 en la Universidad de Lleida junto con sus compa\u00f1eros para intentar evitar su detenci\u00f3n. A las 7 de la ma\u00f1ana del d\u00eda siguiente, la polic\u00eda irrumpi\u00f3 en la universidad para arrestarlo. Este incidente desencaden\u00f3 [&hellip;]","og_url":"https:\/\/paudelacalle.com\/lempresonament-de-pablo-hasel\/","og_site_name":"Pau de la calle","article_modified_time":"2025-06-19T14:26:38+00:00","og_image":[{"width":1920,"height":1280,"url":"https:\/\/paudelacalle.com\/wp-content\/uploads\/2025\/01\/PabloHasel001-scaled.webp","type":"image\/webp"}],"twitter_card":"summary_large_image","twitter_misc":{"Tiempo de lectura":"2 minutos"},"schema":{"@context":"https:\/\/schema.org","@graph":[{"@type":"WebPage","@id":"https:\/\/paudelacalle.com\/lempresonament-de-pablo-hasel\/","url":"https:\/\/paudelacalle.com\/lempresonament-de-pablo-hasel\/","name":"El encarcelamiento de Pablo\u00a0Hasel - Pau de la calle","isPartOf":{"@id":"https:\/\/paudelacalle.com\/#website"},"primaryImageOfPage":{"@id":"https:\/\/paudelacalle.com\/lempresonament-de-pablo-hasel\/#primaryimage"},"image":{"@id":"https:\/\/paudelacalle.com\/lempresonament-de-pablo-hasel\/#primaryimage"},"thumbnailUrl":"https:\/\/paudelacalle.com\/wp-content\/uploads\/2025\/01\/PabloHasel001-scaled.webp","datePublished":"2025-01-09T14:04:59+00:00","dateModified":"2025-06-19T14:26:38+00:00","breadcrumb":{"@id":"https:\/\/paudelacalle.com\/lempresonament-de-pablo-hasel\/#breadcrumb"},"inLanguage":"es","potentialAction":[{"@type":"ReadAction","target":["https:\/\/paudelacalle.com\/lempresonament-de-pablo-hasel\/"]}]},{"@type":"ImageObject","inLanguage":"es","@id":"https:\/\/paudelacalle.com\/lempresonament-de-pablo-hasel\/#primaryimage","url":"https:\/\/paudelacalle.com\/wp-content\/uploads\/2025\/01\/PabloHasel001-scaled.webp","contentUrl":"https:\/\/paudelacalle.com\/wp-content\/uploads\/2025\/01\/PabloHasel001-scaled.webp"},{"@type":"BreadcrumbList","@id":"https:\/\/paudelacalle.com\/lempresonament-de-pablo-hasel\/#breadcrumb","itemListElement":[{"@type":"ListItem","position":1,"name":"Inici","item":"https:\/\/paudelacalle.com\/es\/"},{"@type":"ListItem","position":2,"name":"El encarcelamiento de Pablo\u00a0Hasel"}]},{"@type":"WebSite","@id":"https:\/\/paudelacalle.com\/#website","url":"https:\/\/paudelacalle.com\/","name":"Pau de la calle","description":"","potentialAction":[{"@type":"SearchAction","target":{"@type":"EntryPoint","urlTemplate":"https:\/\/paudelacalle.com\/?s={search_term_string}"},"query-input":{"@type":"PropertyValueSpecification","valueRequired":true,"valueName":"search_term_string"}}],"inLanguage":"es"}]}},"_links":{"self":[{"href":"https:\/\/paudelacalle.com\/es\/wp-json\/wp\/v2\/pages\/1578","targetHints":{"allow":["GET"]}}],"collection":[{"href":"https:\/\/paudelacalle.com\/es\/wp-json\/wp\/v2\/pages"}],"about":[{"href":"https:\/\/paudelacalle.com\/es\/wp-json\/wp\/v2\/types\/page"}],"author":[{"embeddable":true,"href":"https:\/\/paudelacalle.com\/es\/wp-json\/wp\/v2\/users\/3"}],"replies":[{"embeddable":true,"href":"https:\/\/paudelacalle.com\/es\/wp-json\/wp\/v2\/comments?post=1578"}],"version-history":[{"count":16,"href":"https:\/\/paudelacalle.com\/es\/wp-json\/wp\/v2\/pages\/1578\/revisions"}],"predecessor-version":[{"id":3377,"href":"https:\/\/paudelacalle.com\/es\/wp-json\/wp\/v2\/pages\/1578\/revisions\/3377"}],"wp:attachment":[{"href":"https:\/\/paudelacalle.com\/es\/wp-json\/wp\/v2\/media?parent=1578"}],"curies":[{"name":"wp","href":"https:\/\/api.w.org\/{rel}","templated":true}]}}