{"id":1600,"date":"2025-01-14T12:45:57","date_gmt":"2025-01-14T11:45:57","guid":{"rendered":"https:\/\/paudelacalle.com\/sobre-mi\/"},"modified":"2025-06-17T14:16:00","modified_gmt":"2025-06-17T12:16:00","slug":"sobre-mi","status":"publish","type":"page","link":"https:\/\/paudelacalle.com\/es\/sobre-mi\/","title":{"rendered":"Sobre mi"},"content":{"rendered":"\t\t<div data-elementor-type=\"wp-page\" data-elementor-id=\"1600\" class=\"elementor elementor-1600 elementor-375\" data-elementor-post-type=\"page\">\n\t\t\t\t<div class=\"elementor-element elementor-element-73391e9 e-con-full e-flex e-con e-parent\" data-id=\"73391e9\" data-element_type=\"container\" data-e-type=\"container\" data-settings=\"{&quot;background_background&quot;:&quot;classic&quot;}\">\n\t\t\t\t<div class=\"elementor-element elementor-element-ae3ec21 elementor-widget elementor-widget-heading\" data-id=\"ae3ec21\" data-element_type=\"widget\" data-e-type=\"widget\" data-widget_type=\"heading.default\">\n\t\t\t\t<div class=\"elementor-widget-container\">\n\t\t\t\t\t<h2 class=\"elementor-heading-title elementor-size-default\">SOBRE MI<\/h2>\t\t\t\t<\/div>\n\t\t\t\t<\/div>\n\t\t\t\t<\/div>\n\t\t<div class=\"elementor-element elementor-element-c566ca0 e-flex e-con-boxed e-con e-parent\" data-id=\"c566ca0\" data-element_type=\"container\" data-e-type=\"container\" data-settings=\"{&quot;background_background&quot;:&quot;classic&quot;}\">\n\t\t\t\t\t<div class=\"e-con-inner\">\n\t\t<div class=\"elementor-element elementor-element-f6257de e-con-full e-flex elementor-invisible e-con e-child\" data-id=\"f6257de\" data-element_type=\"container\" data-e-type=\"container\" data-settings=\"{&quot;animation&quot;:&quot;fadeInLeft&quot;}\">\n\t\t\t\t<div class=\"elementor-element elementor-element-4c1f825 elementor-widget elementor-widget-heading\" data-id=\"4c1f825\" data-element_type=\"widget\" data-e-type=\"widget\" data-widget_type=\"heading.default\">\n\t\t\t\t<div class=\"elementor-widget-container\">\n\t\t\t\t\t<h2 class=\"elementor-heading-title elementor-size-default\">BIOGRAFIA<\/h2>\t\t\t\t<\/div>\n\t\t\t\t<\/div>\n\t\t\t\t<div class=\"elementor-element elementor-element-0d6cb30 elementor-widget-divider--view-line elementor-widget elementor-widget-divider\" data-id=\"0d6cb30\" data-element_type=\"widget\" data-e-type=\"widget\" data-widget_type=\"divider.default\">\n\t\t\t\t<div class=\"elementor-widget-container\">\n\t\t\t\t\t\t\t<div class=\"elementor-divider\">\n\t\t\t<span class=\"elementor-divider-separator\">\n\t\t\t\t\t\t<\/span>\n\t\t<\/div>\n\t\t\t\t\t\t<\/div>\n\t\t\t\t<\/div>\n\t\t\t\t<div class=\"elementor-element elementor-element-eb492c3 elementor-widget elementor-widget-text-editor\" data-id=\"eb492c3\" data-element_type=\"widget\" data-e-type=\"widget\" data-widget_type=\"text-editor.default\">\n\t\t\t\t<div class=\"elementor-widget-container\">\n\t\t\t\t\t\t\t\t\t<strong><span class=\"OYPEnA font-feature-liga-off font-feature-clig-off font-feature-calt-off text-decoration-none text-strikethrough-none\">Pau de la Calle Argel\u00e9s, fotoperiodista freelance con base en Barcelona.<\/span> <\/strong>\t\t\t\t\t\t\t\t<\/div>\n\t\t\t\t<\/div>\n\t\t\t\t<div class=\"elementor-element elementor-element-c9a174e elementor-widget elementor-widget-text-editor\" data-id=\"c9a174e\" data-element_type=\"widget\" data-e-type=\"widget\" data-widget_type=\"text-editor.default\">\n\t\t\t\t<div class=\"elementor-widget-container\">\n\t\t\t\t\t\t\t\t\t<p>Soy Pau de la Calle Argel\u00e9s, un fotoperiodista freelance nacido en Barcelona en el a\u00f1o 2000. Despu\u00e9s de graduarme en Fotograf\u00eda en la EASD Serra i Abella, curs\u00e9 el posgrado en Fotoperiodismo en la UAB.<\/p><p>Actualmente, trabajo como aut\u00f3nomo en prensa diaria, proyectos documentales de largo recorrido y fotograf\u00eda corporativa. Me interesan las historias humanas, especialmente los conflictos sociales, los movimientos migratorios y el cambio clim\u00e1tico.<\/p>\t\t\t\t\t\t\t\t<\/div>\n\t\t\t\t<\/div>\n\t\t\t\t<\/div>\n\t\t<div class=\"elementor-element elementor-element-c747800 e-con-full e-flex elementor-invisible e-con e-child\" data-id=\"c747800\" data-element_type=\"container\" data-e-type=\"container\" data-settings=\"{&quot;animation&quot;:&quot;fadeInRight&quot;}\">\n\t\t\t\t<div class=\"elementor-element elementor-element-a42736f elementor-widget elementor-widget-image\" data-id=\"a42736f\" data-element_type=\"widget\" data-e-type=\"widget\" data-widget_type=\"image.default\">\n\t\t\t\t<div class=\"elementor-widget-container\">\n\t\t\t\t\t\t\t\t\t\t\t\t<figure class=\"wp-caption\">\n\t\t\t\t\t\t\t\t\t\t<img fetchpriority=\"high\" decoding=\"async\" width=\"1570\" height=\"1080\" src=\"https:\/\/paudelacalle.com\/wp-content\/uploads\/2025\/01\/retrato-pau-japon.png\" class=\"attachment-full size-full wp-image-1483\" alt=\"\" srcset=\"https:\/\/paudelacalle.com\/wp-content\/uploads\/2025\/01\/retrato-pau-japon.png 1570w, https:\/\/paudelacalle.com\/wp-content\/uploads\/2025\/01\/retrato-pau-japon-300x206.png 300w, https:\/\/paudelacalle.com\/wp-content\/uploads\/2025\/01\/retrato-pau-japon-1024x704.png 1024w, https:\/\/paudelacalle.com\/wp-content\/uploads\/2025\/01\/retrato-pau-japon-768x528.png 768w, https:\/\/paudelacalle.com\/wp-content\/uploads\/2025\/01\/retrato-pau-japon-1536x1057.png 1536w\" sizes=\"(max-width: 1570px) 100vw, 1570px\" \/>\t\t\t\t\t\t\t\t\t\t\t<figcaption class=\"widget-image-caption wp-caption-text\">\u00a9 Irene Vil\u00e0 Capafons<\/figcaption>\n\t\t\t\t\t\t\t\t\t\t<\/figure>\n\t\t\t\t\t\t\t\t\t<\/div>\n\t\t\t\t<\/div>\n\t\t\t\t<\/div>\n\t\t\t\t\t<\/div>\n\t\t\t\t<\/div>\n\t\t<div class=\"elementor-element elementor-element-1f8452f e-flex e-con-boxed e-con e-parent\" data-id=\"1f8452f\" data-element_type=\"container\" data-e-type=\"container\" data-settings=\"{&quot;background_background&quot;:&quot;classic&quot;,&quot;animation&quot;:&quot;none&quot;}\">\n\t\t\t\t\t<div class=\"e-con-inner\">\n\t\t<div class=\"elementor-element elementor-element-b0e21e8 e-con-full e-flex elementor-invisible e-con e-child\" data-id=\"b0e21e8\" data-element_type=\"container\" data-e-type=\"container\" data-settings=\"{&quot;background_background&quot;:&quot;classic&quot;,&quot;animation&quot;:&quot;fadeInUp&quot;}\">\n\t\t<div class=\"elementor-element elementor-element-ccd7378 e-con-full e-flex e-con e-child\" data-id=\"ccd7378\" data-element_type=\"container\" data-e-type=\"container\">\n\t\t\t\t<div class=\"elementor-element elementor-element-057a468 elementor-widget elementor-widget-heading\" data-id=\"057a468\" data-element_type=\"widget\" data-e-type=\"widget\" data-widget_type=\"heading.default\">\n\t\t\t\t<div class=\"elementor-widget-container\">\n\t\t\t\t\t<h2 class=\"elementor-heading-title elementor-size-default\">\nPUBLICACIONES Y CLIENTES<\/h2>\t\t\t\t<\/div>\n\t\t\t\t<\/div>\n\t\t\t\t<div class=\"elementor-element elementor-element-f143707 elementor-widget-divider--view-line elementor-widget elementor-widget-divider\" data-id=\"f143707\" data-element_type=\"widget\" data-e-type=\"widget\" data-widget_type=\"divider.default\">\n\t\t\t\t<div class=\"elementor-widget-container\">\n\t\t\t\t\t\t\t<div class=\"elementor-divider\">\n\t\t\t<span class=\"elementor-divider-separator\">\n\t\t\t\t\t\t<\/span>\n\t\t<\/div>\n\t\t\t\t\t\t<\/div>\n\t\t\t\t<\/div>\n\t\t\t\t<div class=\"elementor-element elementor-element-180f8f7 elementor-widget elementor-widget-spacer\" data-id=\"180f8f7\" data-element_type=\"widget\" data-e-type=\"widget\" data-widget_type=\"spacer.default\">\n\t\t\t\t<div class=\"elementor-widget-container\">\n\t\t\t\t\t\t\t<div class=\"elementor-spacer\">\n\t\t\t<div class=\"elementor-spacer-inner\"><\/div>\n\t\t<\/div>\n\t\t\t\t\t\t<\/div>\n\t\t\t\t<\/div>\n\t\t\t\t<div class=\"elementor-element elementor-element-e143bfb elementor-widget elementor-widget-heading\" data-id=\"e143bfb\" data-element_type=\"widget\" data-e-type=\"widget\" data-widget_type=\"heading.default\">\n\t\t\t\t<div class=\"elementor-widget-container\">\n\t\t\t\t\t<h2 class=\"elementor-heading-title elementor-size-default\">EDITORIAL<\/h2>\t\t\t\t<\/div>\n\t\t\t\t<\/div>\n\t\t\t\t<div class=\"elementor-element elementor-element-8c60fcd elementor-widget elementor-widget-text-editor\" data-id=\"8c60fcd\" data-element_type=\"widget\" data-e-type=\"widget\" data-widget_type=\"text-editor.default\">\n\t\t\t\t<div class=\"elementor-widget-container\">\n\t\t\t\t\t\t\t\t\t<p>TIME, The New York Times, The Washington Post, The Associated Press, The Times, The Guardian, CNN, Al Jazeera, Boston Globe, Der Spiegel, Lib\u00e9ration, Le Monde, NZZ, Daily Mail, Revista 5W, La Vanguardia, El Peri\u00f3dico, El Pa\u00eds, El Mundo, La Raz\u00f3n, ABC, Europa Press, EFE, GTRES, Diari ARA, 20 Minutos, Alta\u00efr Magazin, Revista Descobrir, ARRELS, El Nacional, Naci\u00f3 Digital.<\/p>\t\t\t\t\t\t\t\t<\/div>\n\t\t\t\t<\/div>\n\t\t\t\t<\/div>\n\t\t<div class=\"elementor-element elementor-element-abf80b0 e-con-full e-flex e-con e-child\" data-id=\"abf80b0\" data-element_type=\"container\" data-e-type=\"container\">\n\t\t\t\t<div class=\"elementor-element elementor-element-9ab4d1f elementor-widget elementor-widget-heading\" data-id=\"9ab4d1f\" data-element_type=\"widget\" data-e-type=\"widget\" data-widget_type=\"heading.default\">\n\t\t\t\t<div class=\"elementor-widget-container\">\n\t\t\t\t\t<h2 class=\"elementor-heading-title elementor-size-default\">CORPORATIVO<\/h2>\t\t\t\t<\/div>\n\t\t\t\t<\/div>\n\t\t\t\t<div class=\"elementor-element elementor-element-b8823b4 elementor-widget elementor-widget-text-editor\" data-id=\"b8823b4\" data-element_type=\"widget\" data-e-type=\"widget\" data-widget_type=\"text-editor.default\">\n\t\t\t\t<div class=\"elementor-widget-container\">\n\t\t\t\t\t\t\t\t\t<p>GSMA (Mobile World Congress), America\u2019s Cup, Delegaci\u00f3n del Gobierno en Catalu\u00f1a, ICUB, Mercats de Barcelona, IEMED, PIMEC, PUIG, Zinklar, Kids&amp;Us, Universidad Abat Oliba CEU, Associaci\u00f3 Antic Gremi Revenedors, Barcelona Fight League, Real Academia Europea de Doctores, Universidad Internacional de Catalu\u00f1a, Consejer\u00eda de Sanidad del Gobierno de Canarias, Departament d\u2019Acci\u00f3 Clim\u00e0tica, Alimentaci\u00f3 i Agenda Rural, Instituto Espa\u00f1ol de Analistas, NTT Data, Sener, Sesame HR.<\/p>\t\t\t\t\t\t\t\t<\/div>\n\t\t\t\t<\/div>\n\t\t\t\t<\/div>\n\t\t\t\t<\/div>\n\t\t\t\t\t<\/div>\n\t\t\t\t<\/div>\n\t\t<div class=\"elementor-element elementor-element-c2ae1a2 e-flex e-con-boxed e-con e-parent\" data-id=\"c2ae1a2\" data-element_type=\"container\" data-e-type=\"container\" data-settings=\"{&quot;background_background&quot;:&quot;classic&quot;,&quot;animation&quot;:&quot;none&quot;}\">\n\t\t\t\t\t<div class=\"e-con-inner\">\n\t\t<div class=\"elementor-element elementor-element-77e776e e-con-full e-flex elementor-invisible e-con e-child\" data-id=\"77e776e\" data-element_type=\"container\" data-e-type=\"container\" data-settings=\"{&quot;background_background&quot;:&quot;classic&quot;,&quot;animation&quot;:&quot;fadeInUp&quot;}\">\n\t\t<div class=\"elementor-element elementor-element-0ba9177 e-con-full e-flex e-con e-child\" data-id=\"0ba9177\" data-element_type=\"container\" data-e-type=\"container\">\n\t\t\t\t<div class=\"elementor-element elementor-element-1f31d45 elementor-widget elementor-widget-n-accordion\" data-id=\"1f31d45\" data-element_type=\"widget\" data-e-type=\"widget\" data-settings=\"{&quot;default_state&quot;:&quot;all_collapsed&quot;,&quot;max_items_expended&quot;:&quot;one&quot;,&quot;n_accordion_animation_duration&quot;:{&quot;unit&quot;:&quot;ms&quot;,&quot;size&quot;:400,&quot;sizes&quot;:[]}}\" data-widget_type=\"nested-accordion.default\">\n\t\t\t\t<div class=\"elementor-widget-container\">\n\t\t\t\t\t\t\t<div class=\"e-n-accordion\" aria-label=\"Accordion. Open links with Enter or Space, close with Escape, and navigate with Arrow Keys\">\n\t\t\t\t\t\t<details id=\"e-n-accordion-item-3270\" class=\"e-n-accordion-item\" >\n\t\t\t\t<summary class=\"e-n-accordion-item-title\" data-accordion-index=\"1\" tabindex=\"0\" aria-expanded=\"false\" aria-controls=\"e-n-accordion-item-3270\" >\n\t\t\t\t\t<span class='e-n-accordion-item-title-header'><div class=\"e-n-accordion-item-title-text\"> PREMIOS <\/div><\/span>\n\t\t\t\t\t\t\t<span class='e-n-accordion-item-title-icon'>\n\t\t\t<span class='e-opened' ><svg aria-hidden=\"true\" class=\"e-font-icon-svg e-fas-chevron-up\" viewBox=\"0 0 448 512\" xmlns=\"http:\/\/www.w3.org\/2000\/svg\"><path d=\"M240.971 130.524l194.343 194.343c9.373 9.373 9.373 24.569 0 33.941l-22.667 22.667c-9.357 9.357-24.522 9.375-33.901.04L224 227.495 69.255 381.516c-9.379 9.335-24.544 9.317-33.901-.04l-22.667-22.667c-9.373-9.373-9.373-24.569 0-33.941L207.03 130.525c9.372-9.373 24.568-9.373 33.941-.001z\"><\/path><\/svg><\/span>\n\t\t\t<span class='e-closed'><svg aria-hidden=\"true\" class=\"e-font-icon-svg e-fas-chevron-down\" viewBox=\"0 0 448 512\" xmlns=\"http:\/\/www.w3.org\/2000\/svg\"><path d=\"M207.029 381.476L12.686 187.132c-9.373-9.373-9.373-24.569 0-33.941l22.667-22.667c9.357-9.357 24.522-9.375 33.901-.04L224 284.505l154.745-154.021c9.379-9.335 24.544-9.317 33.901.04l22.667 22.667c9.373 9.373 9.373 24.569 0 33.941L240.971 381.476c-9.373 9.372-24.569 9.372-33.942 0z\"><\/path><\/svg><\/span>\n\t\t<\/span>\n\n\t\t\t\t\t\t<\/summary>\n\t\t\t\t<div role=\"region\" aria-labelledby=\"e-n-accordion-item-3270\" class=\"elementor-element elementor-element-a09ad68 e-con-full e-flex e-con e-child\" data-id=\"a09ad68\" data-element_type=\"container\" data-e-type=\"container\">\n\t\t<div role=\"region\" aria-labelledby=\"e-n-accordion-item-3270\" class=\"elementor-element elementor-element-dc5ac68 e-flex e-con-boxed e-con e-child\" data-id=\"dc5ac68\" data-element_type=\"container\" data-e-type=\"container\">\n\t\t\t\t\t<div class=\"e-con-inner\">\n\t\t\t\t<div class=\"elementor-element elementor-element-a4f22fe elementor-widget elementor-widget-text-editor\" data-id=\"a4f22fe\" data-element_type=\"widget\" data-e-type=\"widget\" data-widget_type=\"text-editor.default\">\n\t\t\t\t<div class=\"elementor-widget-container\">\n\t\t\t\t\t\t\t\t\t<ul><li style=\"font-weight: 400;\" aria-level=\"1\">Premios HIPA. Finalista (Medalla al M\u00e9rito), 2023.<\/li><li style=\"font-weight: 400;\" aria-level=\"1\">36\u00ba Premio Boehringer Ingelheim de Periodismo y Comunicaci\u00f3n en Salud. Finalista, 2023.<\/li><li style=\"font-weight: 400;\" aria-level=\"1\">21\u00ba Premio J\u00f3venes Fot\u00f3graf(os\/as) de Catalu\u00f1a. Ganador, 2023.<\/li><li style=\"font-weight: 400;\" aria-level=\"1\">14\u00ba Premio Carles Rahola. Ganador, 2023.<\/li><li style=\"font-weight: 400;\" aria-level=\"1\">Premio Miravisions. Ganador del primer y tercer premio, 2022.<\/li><li style=\"font-weight: 400;\" aria-level=\"1\">Menorca Doc Fest. Seleccionado, 2022.<\/li><li style=\"font-weight: 400;\" aria-level=\"1\">Beca CLIC Fotoperiodismo Joven. Ganador, 2022.<\/li><li style=\"font-weight: 400;\" aria-level=\"1\">Premio CLIC Fotoperiodismo Joven. Ganador, 2022.<\/li><li style=\"font-weight: 400;\" aria-level=\"1\">Premio World Report | Festival de la Fotograf\u00eda \u00c9tica. Finalista, 2022.<\/li><li style=\"font-weight: 400;\" aria-level=\"1\">Premio CLIC Fotoperiodismo Joven. Ganador, 2021.<\/li><li style=\"font-weight: 400;\" aria-level=\"1\">Beca de Fotograf\u00eda Carnet Jove. Ganador, 2021.<\/li><li style=\"font-weight: 400;\" aria-level=\"1\">Premio Intercultural CLIC Fotoperiodismo Joven. Ganador, 2021.<\/li><\/ul>\t\t\t\t\t\t\t\t<\/div>\n\t\t\t\t<\/div>\n\t\t\t\t\t<\/div>\n\t\t\t\t<\/div>\n\t\t\t\t<\/div>\n\t\t\t\t\t<\/details>\n\t\t\t\t\t<\/div>\n\t\t\t\t\t\t<\/div>\n\t\t\t\t<\/div>\n\t\t\t\t<div class=\"elementor-element elementor-element-bbaeaaf elementor-widget elementor-widget-spacer\" data-id=\"bbaeaaf\" data-element_type=\"widget\" data-e-type=\"widget\" data-widget_type=\"spacer.default\">\n\t\t\t\t<div class=\"elementor-widget-container\">\n\t\t\t\t\t\t\t<div class=\"elementor-spacer\">\n\t\t\t<div class=\"elementor-spacer-inner\"><\/div>\n\t\t<\/div>\n\t\t\t\t\t\t<\/div>\n\t\t\t\t<\/div>\n\t\t\t\t<\/div>\n\t\t<div class=\"elementor-element elementor-element-23e0ff8 e-con-full e-flex e-con e-child\" data-id=\"23e0ff8\" data-element_type=\"container\" data-e-type=\"container\">\n\t\t\t\t<div class=\"elementor-element elementor-element-bef1efb elementor-widget elementor-widget-n-accordion\" data-id=\"bef1efb\" data-element_type=\"widget\" data-e-type=\"widget\" data-settings=\"{&quot;default_state&quot;:&quot;all_collapsed&quot;,&quot;max_items_expended&quot;:&quot;one&quot;,&quot;n_accordion_animation_duration&quot;:{&quot;unit&quot;:&quot;ms&quot;,&quot;size&quot;:400,&quot;sizes&quot;:[]}}\" data-widget_type=\"nested-accordion.default\">\n\t\t\t\t<div class=\"elementor-widget-container\">\n\t\t\t\t\t\t\t<div class=\"e-n-accordion\" aria-label=\"Accordion. Open links with Enter or Space, close with Escape, and navigate with Arrow Keys\">\n\t\t\t\t\t\t<details id=\"e-n-accordion-item-2000\" class=\"e-n-accordion-item\" >\n\t\t\t\t<summary class=\"e-n-accordion-item-title\" data-accordion-index=\"1\" tabindex=\"0\" aria-expanded=\"false\" aria-controls=\"e-n-accordion-item-2000\" >\n\t\t\t\t\t<span class='e-n-accordion-item-title-header'><div class=\"e-n-accordion-item-title-text\"> EXPOSICIONES <\/div><\/span>\n\t\t\t\t\t\t\t<span class='e-n-accordion-item-title-icon'>\n\t\t\t<span class='e-opened' ><svg aria-hidden=\"true\" class=\"e-font-icon-svg e-fas-chevron-up\" viewBox=\"0 0 448 512\" xmlns=\"http:\/\/www.w3.org\/2000\/svg\"><path d=\"M240.971 130.524l194.343 194.343c9.373 9.373 9.373 24.569 0 33.941l-22.667 22.667c-9.357 9.357-24.522 9.375-33.901.04L224 227.495 69.255 381.516c-9.379 9.335-24.544 9.317-33.901-.04l-22.667-22.667c-9.373-9.373-9.373-24.569 0-33.941L207.03 130.525c9.372-9.373 24.568-9.373 33.941-.001z\"><\/path><\/svg><\/span>\n\t\t\t<span class='e-closed'><svg aria-hidden=\"true\" class=\"e-font-icon-svg e-fas-chevron-down\" viewBox=\"0 0 448 512\" xmlns=\"http:\/\/www.w3.org\/2000\/svg\"><path d=\"M207.029 381.476L12.686 187.132c-9.373-9.373-9.373-24.569 0-33.941l22.667-22.667c9.357-9.357 24.522-9.375 33.901-.04L224 284.505l154.745-154.021c9.379-9.335 24.544-9.317 33.901.04l22.667 22.667c9.373 9.373 9.373 24.569 0 33.941L240.971 381.476c-9.373 9.372-24.569 9.372-33.942 0z\"><\/path><\/svg><\/span>\n\t\t<\/span>\n\n\t\t\t\t\t\t<\/summary>\n\t\t\t\t<div role=\"region\" aria-labelledby=\"e-n-accordion-item-2000\" class=\"elementor-element elementor-element-42dd1db e-con-full e-flex e-con e-child\" data-id=\"42dd1db\" data-element_type=\"container\" data-e-type=\"container\">\n\t\t<div role=\"region\" aria-labelledby=\"e-n-accordion-item-2000\" class=\"elementor-element elementor-element-5f53bbe e-flex e-con-boxed e-con e-child\" data-id=\"5f53bbe\" data-element_type=\"container\" data-e-type=\"container\">\n\t\t\t\t\t<div class=\"e-con-inner\">\n\t\t\t\t<div class=\"elementor-element elementor-element-913d3ac elementor-widget elementor-widget-text-editor\" data-id=\"913d3ac\" data-element_type=\"widget\" data-e-type=\"widget\" data-widget_type=\"text-editor.default\">\n\t\t\t\t<div class=\"elementor-widget-container\">\n\t\t\t\t\t\t\t\t\t<ul><li>\u00abCoexistir\u00bb, Festival Mirades, Torroella de Montgr\u00ed, Catalu\u00f1a, 2025.<\/li><li>\u201cLa s\u00e9ptima misi\u00f3n\u00bb, Espai Cultural Cal Marqu\u00e8s, Camprodon, Catalu\u00f1a, 2025.<\/li><li>\u00abCoexistir\u00bb, Biblioteca Carles Rahola, Girona, 2025.<\/li><li>\u00abCoexistir\u00bb, CC Joaquim Xirau, Figueres, Catalu\u00f1a, 2024.<\/li><li>\u00abCoexistir\u00bb, Festival Mitgeres, Valls, Catalu\u00f1a, 2024.<\/li><li>\u00abCoexistir\u00bb, Visa Off, Visa Pour L&#8217;Image, Perpi\u00f1\u00e1n, Francia, 2024.<\/li><li>\u00abCoexistir\u00bb, Escola Pia d&#8217;Igualada, Catalu\u00f1a, 2023.<\/li><li>\u201cLa s\u00e9ptima misi\u00f3n\u00bb, Casal de la Vila, Sant Adri\u00e0 del Bes\u00f2s, Catalu\u00f1a, 2023.<\/li><li>\u00abCoexistir\u00bb, Casa de la Cultura de Girona, 2023.<\/li><li>\u201cM\u00e1s all\u00e1 de la tormenta\u00bb, Festival Mitgeres, Valls, Catalu\u00f1a, 2023.<\/li><li>\u00abLa s\u00e9ptima misi\u00f3n\u00bb, UAB, Barcelona, 2023.<\/li><li>\u00abCoexistir\u00bb, Colegio de Periodistas, Girona, 2023.<\/li><li>\u00abLa s\u00e9ptima misi\u00f3n\u00bb, Centre C\u00edvic Drassanes, Barcelona, 2023.<\/li><li>\u00abM\u00e1s all\u00e1 de la tormenta\u00bb, Visa Off, Visa Pour L&#8217;Image, Perpi\u00f1\u00e1n, Francia, 2023.<\/li><li>\u201cAmor contra el olvido\u00bb y \u201cEscritores de trenes\u00bb, Palau Robert, Barcelona, 2023.<\/li><li>\u00abLa s\u00e9ptima misi\u00f3n\u00bb, Espai Jove La Fontana, Barcelona, 2022.<\/li><li>\u201cAmor contra el olvido\u00bb y \u201cEscritores de trenes\u00bb, Miravisions, Lleida, 2022.<\/li><li>\u00abLa s\u00e9ptima misi\u00f3n\u00bb, Visa Off, Visa Pour L&#8217;Image, Perpi\u00f1\u00e1n, Francia, 2022.<\/li><li>\u201cEl encarcelamiento de Pablo Has\u00e9l\u00bb, Visa Off, Visa Pour L&#8217;Image, Perpi\u00f1\u00e1n, Francia, 2021.<\/li><li>\u00abAmor contra el olvido\u00bb, PhotoEspa\u00f1a, parque de la Ciutadella, Barcelona, 2020.<\/li><li>\u00abAlatac\u00bb, Photogenic Festival, Barcelona, 2020.<\/li><\/ul>\t\t\t\t\t\t\t\t<\/div>\n\t\t\t\t<\/div>\n\t\t\t\t\t<\/div>\n\t\t\t\t<\/div>\n\t\t\t\t<\/div>\n\t\t\t\t\t<\/details>\n\t\t\t\t\t<\/div>\n\t\t\t\t\t\t<\/div>\n\t\t\t\t<\/div>\n\t\t\t\t<div class=\"elementor-element elementor-element-d217465 elementor-widget elementor-widget-spacer\" data-id=\"d217465\" data-element_type=\"widget\" data-e-type=\"widget\" data-widget_type=\"spacer.default\">\n\t\t\t\t<div class=\"elementor-widget-container\">\n\t\t\t\t\t\t\t<div class=\"elementor-spacer\">\n\t\t\t<div class=\"elementor-spacer-inner\"><\/div>\n\t\t<\/div>\n\t\t\t\t\t\t<\/div>\n\t\t\t\t<\/div>\n\t\t\t\t<\/div>\n\t\t\t\t<\/div>\n\t\t\t\t\t<\/div>\n\t\t\t\t<\/div>\n\t\t\t\t<\/div>\n\t\t","protected":false},"excerpt":{"rendered":"<p>SOBRE MI BIOGRAFIA Pau de la Calle Argel\u00e9s, fotoperiodista freelance con base en Barcelona. Soy Pau de la Calle Argel\u00e9s, un fotoperiodista freelance nacido en Barcelona en el a\u00f1o 2000. Despu\u00e9s de graduarme en Fotograf\u00eda en la EASD Serra i Abella, curs\u00e9 el posgrado en Fotoperiodismo en la UAB. Actualmente, trabajo como aut\u00f3nomo en prensa [&hellip;]<\/p>\n","protected":false},"author":3,"featured_media":0,"parent":0,"menu_order":0,"comment_status":"closed","ping_status":"closed","template":"elementor_header_footer","meta":{"footnotes":""},"class_list":["post-1600","page","type-page","status-publish","hentry"],"yoast_head":"<!-- This site is optimized with the Yoast SEO plugin v27.0 - https:\/\/yoast.com\/product\/yoast-seo-wordpress\/ -->\n<title>Sobre mi - Pau de la calle<\/title>\n<meta name=\"robots\" content=\"index, follow, max-snippet:-1, max-image-preview:large, max-video-preview:-1\" \/>\n<link rel=\"canonical\" href=\"https:\/\/paudelacalle.com\/sobre-mi\/\" \/>\n<meta property=\"og:locale\" content=\"es_ES\" \/>\n<meta property=\"og:type\" content=\"article\" \/>\n<meta property=\"og:title\" content=\"Sobre mi - Pau de la calle\" \/>\n<meta property=\"og:description\" content=\"SOBRE MI BIOGRAFIA Pau de la Calle Argel\u00e9s, fotoperiodista freelance con base en Barcelona. Soy Pau de la Calle Argel\u00e9s, un fotoperiodista freelance nacido en Barcelona en el a\u00f1o 2000. Despu\u00e9s de graduarme en Fotograf\u00eda en la EASD Serra i Abella, curs\u00e9 el posgrado en Fotoperiodismo en la UAB. Actualmente, trabajo como aut\u00f3nomo en prensa [&hellip;]\" \/>\n<meta property=\"og:url\" content=\"https:\/\/paudelacalle.com\/sobre-mi\/\" \/>\n<meta property=\"og:site_name\" content=\"Pau de la calle\" \/>\n<meta property=\"article:modified_time\" content=\"2025-06-17T12:16:00+00:00\" \/>\n<meta property=\"og:image\" content=\"https:\/\/paudelacalle.com\/wp-content\/uploads\/2025\/01\/retrato-pau-japon-1024x704.png\" \/>\n\t<meta property=\"og:image:width\" content=\"1024\" \/>\n\t<meta property=\"og:image:height\" content=\"704\" \/>\n\t<meta property=\"og:image:type\" content=\"image\/png\" \/>\n<meta name=\"twitter:card\" content=\"summary_large_image\" \/>\n<meta name=\"twitter:label1\" content=\"Tiempo de lectura\" \/>\n\t<meta name=\"twitter:data1\" content=\"5 minutos\" \/>\n<script type=\"application\/ld+json\" class=\"yoast-schema-graph\">{\"@context\":\"https:\/\/schema.org\",\"@graph\":[{\"@type\":\"WebPage\",\"@id\":\"https:\/\/paudelacalle.com\/sobre-mi\/\",\"url\":\"https:\/\/paudelacalle.com\/sobre-mi\/\",\"name\":\"Sobre mi - Pau de la calle\",\"isPartOf\":{\"@id\":\"https:\/\/paudelacalle.com\/#website\"},\"primaryImageOfPage\":{\"@id\":\"https:\/\/paudelacalle.com\/sobre-mi\/#primaryimage\"},\"image\":{\"@id\":\"https:\/\/paudelacalle.com\/sobre-mi\/#primaryimage\"},\"thumbnailUrl\":\"https:\/\/paudelacalle.com\/wp-content\/uploads\/2025\/01\/retrato-pau-japon.png\",\"datePublished\":\"2025-01-14T11:45:57+00:00\",\"dateModified\":\"2025-06-17T12:16:00+00:00\",\"breadcrumb\":{\"@id\":\"https:\/\/paudelacalle.com\/sobre-mi\/#breadcrumb\"},\"inLanguage\":\"es\",\"potentialAction\":[{\"@type\":\"ReadAction\",\"target\":[\"https:\/\/paudelacalle.com\/sobre-mi\/\"]}]},{\"@type\":\"ImageObject\",\"inLanguage\":\"es\",\"@id\":\"https:\/\/paudelacalle.com\/sobre-mi\/#primaryimage\",\"url\":\"https:\/\/paudelacalle.com\/wp-content\/uploads\/2025\/01\/retrato-pau-japon.png\",\"contentUrl\":\"https:\/\/paudelacalle.com\/wp-content\/uploads\/2025\/01\/retrato-pau-japon.png\"},{\"@type\":\"BreadcrumbList\",\"@id\":\"https:\/\/paudelacalle.com\/sobre-mi\/#breadcrumb\",\"itemListElement\":[{\"@type\":\"ListItem\",\"position\":1,\"name\":\"Inici\",\"item\":\"https:\/\/paudelacalle.com\/es\/\"},{\"@type\":\"ListItem\",\"position\":2,\"name\":\"Sobre mi\"}]},{\"@type\":\"WebSite\",\"@id\":\"https:\/\/paudelacalle.com\/#website\",\"url\":\"https:\/\/paudelacalle.com\/\",\"name\":\"Pau de la calle\",\"description\":\"\",\"potentialAction\":[{\"@type\":\"SearchAction\",\"target\":{\"@type\":\"EntryPoint\",\"urlTemplate\":\"https:\/\/paudelacalle.com\/?s={search_term_string}\"},\"query-input\":{\"@type\":\"PropertyValueSpecification\",\"valueRequired\":true,\"valueName\":\"search_term_string\"}}],\"inLanguage\":\"es\"}]}<\/script>\n<!-- \/ Yoast SEO plugin. -->","yoast_head_json":{"title":"Sobre mi - Pau de la calle","robots":{"index":"index","follow":"follow","max-snippet":"max-snippet:-1","max-image-preview":"max-image-preview:large","max-video-preview":"max-video-preview:-1"},"canonical":"https:\/\/paudelacalle.com\/sobre-mi\/","og_locale":"es_ES","og_type":"article","og_title":"Sobre mi - Pau de la calle","og_description":"SOBRE MI BIOGRAFIA Pau de la Calle Argel\u00e9s, fotoperiodista freelance con base en Barcelona. Soy Pau de la Calle Argel\u00e9s, un fotoperiodista freelance nacido en Barcelona en el a\u00f1o 2000. Despu\u00e9s de graduarme en Fotograf\u00eda en la EASD Serra i Abella, curs\u00e9 el posgrado en Fotoperiodismo en la UAB. Actualmente, trabajo como aut\u00f3nomo en prensa [&hellip;]","og_url":"https:\/\/paudelacalle.com\/sobre-mi\/","og_site_name":"Pau de la calle","article_modified_time":"2025-06-17T12:16:00+00:00","og_image":[{"width":1024,"height":704,"url":"https:\/\/paudelacalle.com\/wp-content\/uploads\/2025\/01\/retrato-pau-japon-1024x704.png","type":"image\/png"}],"twitter_card":"summary_large_image","twitter_misc":{"Tiempo de lectura":"5 minutos"},"schema":{"@context":"https:\/\/schema.org","@graph":[{"@type":"WebPage","@id":"https:\/\/paudelacalle.com\/sobre-mi\/","url":"https:\/\/paudelacalle.com\/sobre-mi\/","name":"Sobre mi - Pau de la calle","isPartOf":{"@id":"https:\/\/paudelacalle.com\/#website"},"primaryImageOfPage":{"@id":"https:\/\/paudelacalle.com\/sobre-mi\/#primaryimage"},"image":{"@id":"https:\/\/paudelacalle.com\/sobre-mi\/#primaryimage"},"thumbnailUrl":"https:\/\/paudelacalle.com\/wp-content\/uploads\/2025\/01\/retrato-pau-japon.png","datePublished":"2025-01-14T11:45:57+00:00","dateModified":"2025-06-17T12:16:00+00:00","breadcrumb":{"@id":"https:\/\/paudelacalle.com\/sobre-mi\/#breadcrumb"},"inLanguage":"es","potentialAction":[{"@type":"ReadAction","target":["https:\/\/paudelacalle.com\/sobre-mi\/"]}]},{"@type":"ImageObject","inLanguage":"es","@id":"https:\/\/paudelacalle.com\/sobre-mi\/#primaryimage","url":"https:\/\/paudelacalle.com\/wp-content\/uploads\/2025\/01\/retrato-pau-japon.png","contentUrl":"https:\/\/paudelacalle.com\/wp-content\/uploads\/2025\/01\/retrato-pau-japon.png"},{"@type":"BreadcrumbList","@id":"https:\/\/paudelacalle.com\/sobre-mi\/#breadcrumb","itemListElement":[{"@type":"ListItem","position":1,"name":"Inici","item":"https:\/\/paudelacalle.com\/es\/"},{"@type":"ListItem","position":2,"name":"Sobre mi"}]},{"@type":"WebSite","@id":"https:\/\/paudelacalle.com\/#website","url":"https:\/\/paudelacalle.com\/","name":"Pau de la calle","description":"","potentialAction":[{"@type":"SearchAction","target":{"@type":"EntryPoint","urlTemplate":"https:\/\/paudelacalle.com\/?s={search_term_string}"},"query-input":{"@type":"PropertyValueSpecification","valueRequired":true,"valueName":"search_term_string"}}],"inLanguage":"es"}]}},"_links":{"self":[{"href":"https:\/\/paudelacalle.com\/es\/wp-json\/wp\/v2\/pages\/1600","targetHints":{"allow":["GET"]}}],"collection":[{"href":"https:\/\/paudelacalle.com\/es\/wp-json\/wp\/v2\/pages"}],"about":[{"href":"https:\/\/paudelacalle.com\/es\/wp-json\/wp\/v2\/types\/page"}],"author":[{"embeddable":true,"href":"https:\/\/paudelacalle.com\/es\/wp-json\/wp\/v2\/users\/3"}],"replies":[{"embeddable":true,"href":"https:\/\/paudelacalle.com\/es\/wp-json\/wp\/v2\/comments?post=1600"}],"version-history":[{"count":27,"href":"https:\/\/paudelacalle.com\/es\/wp-json\/wp\/v2\/pages\/1600\/revisions"}],"predecessor-version":[{"id":3251,"href":"https:\/\/paudelacalle.com\/es\/wp-json\/wp\/v2\/pages\/1600\/revisions\/3251"}],"wp:attachment":[{"href":"https:\/\/paudelacalle.com\/es\/wp-json\/wp\/v2\/media?parent=1600"}],"curies":[{"name":"wp","href":"https:\/\/api.w.org\/{rel}","templated":true}]}}