{"id":1731,"date":"2025-02-03T10:14:13","date_gmt":"2025-02-03T09:14:13","guid":{"rendered":"https:\/\/paudelacalle.com\/politica-de-privacitat\/"},"modified":"2025-02-03T17:22:48","modified_gmt":"2025-02-03T16:22:48","slug":"politica-de-privacitat","status":"publish","type":"page","link":"https:\/\/paudelacalle.com\/es\/politica-de-privacitat\/","title":{"rendered":"Pol\u00edtica de privacidad"},"content":{"rendered":"\t\t<div data-elementor-type=\"wp-page\" data-elementor-id=\"1731\" class=\"elementor elementor-1731 elementor-1637\" data-elementor-post-type=\"page\">\n\t\t\t\t<div class=\"elementor-element elementor-element-c4550f3 e-flex e-con-boxed e-con e-parent\" data-id=\"c4550f3\" data-element_type=\"container\" data-e-type=\"container\" data-settings=\"{&quot;background_background&quot;:&quot;classic&quot;}\">\n\t\t\t\t\t<div class=\"e-con-inner\">\n\t\t\t\t\t<\/div>\n\t\t\t\t<\/div>\n\t\t<div class=\"elementor-element elementor-element-5fae2b6 e-flex e-con-boxed e-con e-parent\" data-id=\"5fae2b6\" data-element_type=\"container\" data-e-type=\"container\">\n\t\t\t\t\t<div class=\"e-con-inner\">\n\t\t\t\t<div class=\"elementor-element elementor-element-1e8bc20 elementor-widget elementor-widget-heading\" data-id=\"1e8bc20\" data-element_type=\"widget\" data-e-type=\"widget\" data-widget_type=\"heading.default\">\n\t\t\t\t<div class=\"elementor-widget-container\">\n\t\t\t\t\t<h1 class=\"elementor-heading-title elementor-size-default\">Pol\u00edtica de privacidad<\/h1>\t\t\t\t<\/div>\n\t\t\t\t<\/div>\n\t\t\t\t<div class=\"elementor-element elementor-element-ca6e117 elementor-widget elementor-widget-text-editor\" data-id=\"ca6e117\" data-element_type=\"widget\" data-e-type=\"widget\" data-widget_type=\"text-editor.default\">\n\t\t\t\t<div class=\"elementor-widget-container\">\n\t\t\t\t\t\t\t\t\t<p>Su privacidad es importante para nosotros, as\u00ed que mediante esta pol\u00edtica le explicamos qu\u00e9 datos recogemos de los usuarios, como los utilizamos y para que, entre otros de otras indicaciones.<br \/>Para su informaci\u00f3n, nunca pediremos m\u00e1s informaci\u00f3n de la que realmente necesitaremos para los servicios requeridos; nunca la compartiremos con terceros, excepto por obligaci\u00f3n legal o con su autorizaci\u00f3n previa; y nunca utilizaremos sus datos para otra finalidad no indicada previamente.<br \/>Como usuario, tendr\u00e1 que leer atentamente esta Pol\u00edtica de privacidad de manera regular, y siempre que introduzca sus datos personales, puesto que este documento puede sufrir modificaciones puesto que el prestamista puede modificar cualquier tipo de informaci\u00f3n que pudiera aparecer en el web para cumplir con la normativa o actualizar la pol\u00edtica, y sin que haya la obligaci\u00f3n de avisar o poner en conocimiento de los usuarios estas obligaciones, siente suficientes la publicaci\u00f3n al sitio web del prestamista.<br \/>RESPONSABLE DEL TRATAMIENTO:<br \/>Identidad: Pau de la Calle Argeles<br \/>CIF: 24414237J<br \/>Direcci\u00f3n postal: Calle Rector Triad\u00f3 86, 1 2, 08014 Barcelona<br \/>Correo electr\u00f3nico: <a href=\"mailto:paudelacallefoto@gmail.com\" target=\"_blank\" rel=\"noopener\"><span class=\"elementor-icon-list-text\">paudelacallefoto@gmail.com<\/span><\/a><br \/>Paz de la Calle Argeles, como responsable del Sitio web, de conformidad con el que dispone el Reglamento (UE) 2016\/679 de 27 de abril de 2016 (RGPD) relativo a la protecci\u00f3n de las personas f\u00edsicas en cuanto al tratamiento de datos personales ia la libre circulaci\u00f3n de estos datos y el resto de normativa vigente en materia de protecci\u00f3n de datos personales, y por la Ley 34\/2002, de 11 de julio, de Servicios de la Sociedad de la Informaci\u00f3n y de E-commerce (LSSICE), le informa que tiene implementadas las medidas de seguridad necesarias, de \u00edndole t\u00e9cnica y organizativas, para garantizar y proteger la confidencialidad, integridad y disponibilidad de los datos introducidos.<br \/>M\u00c9TODO De OBTENCI\u00d3N DE LOS DATOS y QU\u00c9 DATOS recogemos:<br \/>Los datos que recogemos y la manera como los obtenemos es la siguiente:<br \/>a trav\u00e9s del formulario de contacto: nombre, mail, tel\u00e9fono, empresa<\/p><p>No se tratan categor\u00edas de datos especialmente protegidos.<br \/>FINALIDAD DEL TRATAMIENTO:<br \/>Sus datos personales solo se utilizar\u00e1n para las siguientes finalidades, prestando su consentimiento para cada una de las finalidades en el apartado correspondiente de la web:<br \/>formulario de contacto: para responder a las consultas y \/ o proporcionar informaciones requeridas por el Usuario;<\/p><p>Puede revocar en cualquier momento su consentimiento remitiendo un escrito con el asunto \u201cBaja\u201d a <a href=\"mailto:paudelacallefoto@gmail.com\" target=\"_blank\" rel=\"noopener\"><span class=\"elementor-icon-list-text\">paudelacallefoto@gmail.com<\/span><\/a><br \/>De acuerdo con la LSSICE, Paz de la Calle Argeles no realiza pr\u00e1cticas de SPAM, por lo tanto, no env\u00eda correos comerciales por e-mail que no hayan sido previamente solicitados o autorizados por el Usuario. En consecuencia, en todas las comunicaciones que recibir\u00e1 de prestamista, el usuario tiene la posibilidad de cancelar su consentimiento expreso para recibir nuestras comunicaciones.<br \/>No trataremos sus datos personales para jefe otra finalidad de las descritas excepto por obligaci\u00f3n legal o requerimiento judicial.<br \/>No ser\u00e1 objeto de decisiones basadas en tratamientos automatizados que produzcan efectos sobre sus datos.<br \/>LEGITIMACI\u00d3N DEL TRATAMIENTO<br \/>La base legal para el tratamiento de los datos es su consentimiento otorgado en el momento de dar sus datos en el formulario correspondiente para llevar a cabo las finalidades, en el momento de marcaje de la casilla de verificaci\u00f3n. El no facilitar los datos personales solicitados o el no aceptar la presente pol\u00edtica de privacidad supone la imposibilidad de conseguir las finalidades anteriormente descritas.<br \/>En los casos en que haya una relaci\u00f3n contractual entre las partes, la legitimaci\u00f3n para el desarrollo de las obligaciones derivadas de la misma ser\u00e1 la existencia de la relaci\u00f3n comercial establecida entre las partes.<br \/>La oferta prospectiva o comercial de productos y servicios est\u00e1 basada en el consentimiento que se le solicita, sin que en ning\u00fan caso la retirada de este consentimiento condicione la ejecuci\u00f3n del contrato de suscripci\u00f3n.<br \/>PLAZO DE CONSERVACI\u00d3N DE LOS DATOS:<br \/>Sus datos se conservar\u00e1n mientras dure la relaci\u00f3n comercial con nosotros o ejerce su derecho de cancelaci\u00f3n u oposici\u00f3n, o limitaci\u00f3n en el tratamiento. As\u00ed mismo, conservaremos vuestros datos en los plazos legalmente previstos en las disposiciones aplicables.<br \/>DESTINATARIOS DE CESIONES O TRANSFERENCIAS (hay que revisar con cliente)<br \/>Paz de la Calle Argeles no lleva a cabo ninguna cesi\u00f3n o comunicaci\u00f3n de datos ni dentro ni fuera de la UE. El prestamista \u00fanicamente facilitar\u00e1 informaci\u00f3n a las fuerzas y cuerpos de seguridad bajo orden judicial o por obligaci\u00f3n de una norma legal, sin perjuicio de poder bloquear o cancelar su cuenta si puede haber indicios de la comisi\u00f3n de alg\u00fan delito por parte del usuario. La informaci\u00f3n facilitada ser\u00e1 solo la que disponga en este momento el prestamista.<br \/>DERECHOS DE LAS PERSONAS INTERESADAS<br \/>Como usuario-interesado, puede solicitar el ejercicio de los siguientes derechos ante Paz de la Calle Argeles presentando un escrito a la direcci\u00f3n postal del encabezamiento o enviando un correo electr\u00f3nico a <a href=\"mailto:paudelacallefoto@gmail.com\" target=\"_blank\" rel=\"noopener\"><span class=\"elementor-icon-list-text\">paudelacallefoto@gmail.com<\/span><\/a> , indicando como Asunto: \u201cPROTECCIO DE DATOS: DERECHOS DE LOS AFECTADOS\u201d, y adjuntando fotocopia de su DNI o cualquier medio an\u00e1logo en derecho, tal como indica la ley.<br \/>Derechos:<br \/>Derecho de acceso: permite al interesado conocer y obtener informaci\u00f3n sobre sus datos de car\u00e1cter personal sometidas a tratamiento.<br \/>Derecho de rectificaci\u00f3n o supresi\u00f3n: permite corregir errores y modificar los datos que resulten ser inexactos o incompletas.<br \/>Derecho de cancelaci\u00f3n: permite que se supriman los datos que sean inadecuadas o excesivas.<br \/>Derecho de oposici\u00f3n: derecho del interesado a que no se lleve a cabo el tratamiento de sus datos de car\u00e1cter personal o se cese en el mismo.<br \/>Limitaci\u00f3n del tratamiento: comporta el marcado de los datos personales conservados, con el fin de limitar su futuro tratamiento, para el ejercicio o la defensa de reclamaciones.<br \/>Portabilidad de los datos: facilitaci\u00f3n de los datos objeto de tratamiento al interesado, para que este pueda transmitir a otro responsable, sin impedimentos.<br \/>Derecho a no ser objeto de decisiones individuales automatizadas (incluida la elaboraci\u00f3n de perfiles): derecho a no ser objeto de una decisi\u00f3n basada en el tratamiento automatizado que produzca efectos o afecte significativamente.<br \/>Como usuario, tiene derecho a retirar el consentimiento dado en cualquier momento. La retirada del consentimiento no afectar\u00e1 la licitud del tratamiento efectuado antes de la retirada del consentimiento.<br \/>Tambi\u00e9n tiene derecho a presentar una reclamaci\u00f3n ante la autoridad de control si considera que pueden haberse visto vulnerados sus derechos en relaci\u00f3n a la protecci\u00f3n de sus datos (aepd.es).<br \/>INFORMACI\u00d3N ADICIONAL<br \/>MEDIDAS DE SEGURIDAD:<br \/>Los datos que nos facilite se tratar\u00e1n de forma confidencial. El prestamista ha adoptado todas las medidas t\u00e9cnicas y organizativas y todos los niveles de protecci\u00f3n necesarios para garantizar la seguridad en el tratamiento de los datos y evitar su alteraci\u00f3n, p\u00e9rdida, robo, tratamiento o acceso no autorizado, de acuerdo el estado de la tecnolog\u00eda y naturaleza de los datos almacenados. As\u00ed mismo, se garantiza tambi\u00e9n que el tratamiento y registro en ficheros, programas, sistemas o equipos, locales y centros cumplen con los requisitos y condiciones de integridad y seguridad establecidas en la normativa vigente.<br \/>IDIOMA<br \/>El idioma aplicable a esta pol\u00edtica de privacidad es el espa\u00f1ol. Por lo tanto, en caso de que hubiera alguna contradicci\u00f3n en alguna de las versiones facilitadas en otros idiomas, prevalecer\u00e1 la versi\u00f3n en espa\u00f1ol.<br \/>MENORES De EDAD<br \/>En el caso de los menores de catorce a\u00f1os se requiere el consentimiento de los padres o tutores para el tratamiento de sus datos personales.<br \/>En ning\u00fan caso se pedir\u00e1n del menor de edad datos relativos a la situaci\u00f3n profesional, econ\u00f3mica o en la intimidad de los otros miembros de la familia, sin el consentimiento de estos.<br \/>Si eres menor de catorce a\u00f1os y has accedido a este sitio web sin avisar a tus padres no tienes que registrar ni darnos tus datos ni la de tus tutores.<br \/>REDES SOCIALES<br \/>Lo informamos que Paz de la Calle Argeles puede tener presencia en redes sociales. El tratamiento de los datos que se lleve a cabo de las personas que se hagan seguidoras en las redes sociales (y \/ o realicen cualquier v\u00ednculo o acci\u00f3n de conexi\u00f3n a trav\u00e9s de las redes sociales) de las p\u00e1ginas oficiales de Paz de la Calle Argeles se regir\u00e1 por este apartado, as\u00ed como por aquellas condiciones de uso, pol\u00edticas de privacidad y normativas de acceso que pertenezcan en la red social que proceda en cada caso y aceptadas previamente por el usuario.<\/p><p>Pau de la Calle Argeles tratar\u00e1 sus datos con las finalidades de administrar correctamente su presencia en la red social, informando de actividades, productos o servicios de prestamista, as\u00ed como para cualquier otra finalidad que las normativas de las Redes Sociales permitan.<br \/>Queda prohibida la publicaci\u00f3n de contenidos:<br \/>Que sean presuntamente il\u00edcitos por la normativa nacional, comunitaria o internacional o que realicen actividades presuntamente il\u00edcitas o contravengan los principios de la buena fe.<br \/>Que atenten contra los derechos fundamentales de las personas, falten a la cortes\u00eda en la red, molesten o puedan generar opiniones negativas en nuestros usuarios o terceros y en general cualesquiera sean los contenidos que Paz de la Calle Argeles considere inapropiados.<br \/>Y en general que contravengan los principios de legalidad, honradez, responsabilidad, protecci\u00f3n de la dignidad humana, protecci\u00f3n de menores, protecci\u00f3n del orden p\u00fablico, la protecci\u00f3n de la vida privada, la protecci\u00f3n del consumidor y los derechos de propiedad intelectual e industrial.<br \/>As\u00ed mismo, Paz de la Calle Argeles se reserva la potestad de retirar, sin previo aviso de la p\u00e1gina web o de la red social corporativa aquellos contenidos que se consideran inadecuados.<br \/>En todo caso, si usted remite informaci\u00f3n personal a trav\u00e9s de la red social, Paz de la Calle Argeles quedar\u00e1 exento de responsabilidad en relaci\u00f3n con las medidas de seguridad aplicables a la presente plataforma, y el usuario en caso de querer conocerlas, consultar las correspondientes condiciones particulares de la red en cuesti\u00f3n.<br \/>CAMBIOS EN LA PRESENTE POL\u00cdTICA DE PRIVACIDAD<br \/>Pau de la Calle Argeles se reserva el derecho a modificar la presente pol\u00edtica para adaptarla a novedades legislativas o jurisprudenciales.<br \/>REVOCABILIDAD<br \/>El consentimiento prestado, tanto por el tratamiento como para la cesi\u00f3n de los datos de los interesados, es revocable en cualquier momento comunic\u00e1ndolo a Paz de la Calle Argeles en los t\u00e9rminos que establece esta Pol\u00edtica para el ejercicio de los derechos. Esta revocaci\u00f3n en ning\u00fan caso tendr\u00e1 car\u00e1cter retroactivo.<br \/>LEGISLACI\u00d3N<br \/>Con car\u00e1cter general las relaciones entre Paz de la Calle Argeles con los Usuarios de sus servicios telem\u00e1ticos, presentes en esta web, est\u00e1n sometidos a la legislaci\u00f3n y jurisdicci\u00f3n espa\u00f1ola a la cual se someten expresamente las partes, siente competentes para la resoluci\u00f3n de todos los conflictos derivados o relacionados con su uso los Juzgados y Tribunales de Lleida.<\/p>\t\t\t\t\t\t\t\t<\/div>\n\t\t\t\t<\/div>\n\t\t\t\t\t<\/div>\n\t\t\t\t<\/div>\n\t\t<div class=\"elementor-element elementor-element-be0bbbc e-flex e-con-boxed e-con e-parent\" data-id=\"be0bbbc\" data-element_type=\"container\" data-e-type=\"container\">\n\t\t\t\t\t<div class=\"e-con-inner\">\n\t\t\t\t<div class=\"elementor-element elementor-element-b778786 elementor-widget elementor-widget-google_maps\" data-id=\"b778786\" data-element_type=\"widget\" data-e-type=\"widget\" data-widget_type=\"google_maps.default\">\n\t\t\t\t<div class=\"elementor-widget-container\">\n\t\t\t\t\t\t\t<div class=\"elementor-custom-embed\">\n\t\t\t<iframe loading=\"lazy\"\n\t\t\t\t\tsrc=\"https:\/\/maps.google.com\/maps?q=L%26%23039%3Bull%20de%20Londres%2C%20Londres%2C%20el%20Regne%20Unit&#038;t=m&#038;z=10&#038;output=embed&#038;iwloc=near\"\n\t\t\t\t\ttitle=\"L&#039;ull de Londres, Londres, el Regne Unit\"\n\t\t\t\t\taria-label=\"L&#039;ull de Londres, Londres, el Regne Unit\"\n\t\t\t><\/iframe>\n\t\t<\/div>\n\t\t\t\t\t\t<\/div>\n\t\t\t\t<\/div>\n\t\t\t\t\t<\/div>\n\t\t\t\t<\/div>\n\t\t\t\t<\/div>\n\t\t","protected":false},"excerpt":{"rendered":"<p>Su privacidad es importante para nosotros, as\u00ed que mediante esta pol\u00edtica le explicamos qu\u00e9 datos recogemos de los usuarios, como los utilizamos y para que, entre otros de otras indicaciones.Para su informaci\u00f3n, nunca pediremos m\u00e1s informaci\u00f3n de la que realmente necesitaremos para los servicios requeridos; nunca la compartiremos con terceros, excepto por obligaci\u00f3n legal o [&hellip;]<\/p>\n","protected":false},"author":3,"featured_media":0,"parent":0,"menu_order":0,"comment_status":"closed","ping_status":"closed","template":"elementor_header_footer","meta":{"footnotes":""},"class_list":["post-1731","page","type-page","status-publish","hentry"],"yoast_head":"<!-- This site is optimized with the Yoast SEO plugin v27.0 - https:\/\/yoast.com\/product\/yoast-seo-wordpress\/ -->\n<title>Pol\u00edtica de privacidad - Pau de la calle<\/title>\n<meta name=\"robots\" content=\"index, follow, max-snippet:-1, max-image-preview:large, max-video-preview:-1\" \/>\n<link rel=\"canonical\" href=\"https:\/\/paudelacalle.com\/es\/politica-de-privacitat\/\" \/>\n<meta property=\"og:locale\" content=\"es_ES\" \/>\n<meta property=\"og:type\" content=\"article\" \/>\n<meta property=\"og:title\" content=\"Pol\u00edtica de privacidad - Pau de la calle\" \/>\n<meta property=\"og:description\" content=\"Su privacidad es importante para nosotros, as\u00ed que mediante esta pol\u00edtica le explicamos qu\u00e9 datos recogemos de los usuarios, como los utilizamos y para que, entre otros de otras indicaciones.Para su informaci\u00f3n, nunca pediremos m\u00e1s informaci\u00f3n de la que realmente necesitaremos para los servicios requeridos; nunca la compartiremos con terceros, excepto por obligaci\u00f3n legal o [&hellip;]\" \/>\n<meta property=\"og:url\" content=\"https:\/\/paudelacalle.com\/es\/politica-de-privacitat\/\" \/>\n<meta property=\"og:site_name\" content=\"Pau de la calle\" \/>\n<meta property=\"article:modified_time\" content=\"2025-02-03T16:22:48+00:00\" \/>\n<meta name=\"twitter:card\" content=\"summary_large_image\" \/>\n<meta name=\"twitter:label1\" content=\"Tiempo de lectura\" \/>\n\t<meta name=\"twitter:data1\" content=\"9 minutos\" \/>\n<script type=\"application\/ld+json\" class=\"yoast-schema-graph\">{\"@context\":\"https:\/\/schema.org\",\"@graph\":[{\"@type\":\"WebPage\",\"@id\":\"https:\/\/paudelacalle.com\/es\/politica-de-privacitat\/\",\"url\":\"https:\/\/paudelacalle.com\/es\/politica-de-privacitat\/\",\"name\":\"Pol\u00edtica de privacidad - Pau de la calle\",\"isPartOf\":{\"@id\":\"https:\/\/paudelacalle.com\/#website\"},\"datePublished\":\"2025-02-03T09:14:13+00:00\",\"dateModified\":\"2025-02-03T16:22:48+00:00\",\"breadcrumb\":{\"@id\":\"https:\/\/paudelacalle.com\/es\/politica-de-privacitat\/#breadcrumb\"},\"inLanguage\":\"es\",\"potentialAction\":[{\"@type\":\"ReadAction\",\"target\":[\"https:\/\/paudelacalle.com\/es\/politica-de-privacitat\/\"]}]},{\"@type\":\"BreadcrumbList\",\"@id\":\"https:\/\/paudelacalle.com\/es\/politica-de-privacitat\/#breadcrumb\",\"itemListElement\":[{\"@type\":\"ListItem\",\"position\":1,\"name\":\"Inici\",\"item\":\"https:\/\/paudelacalle.com\/es\/\"},{\"@type\":\"ListItem\",\"position\":2,\"name\":\"Pol\u00edtica de privacidad\"}]},{\"@type\":\"WebSite\",\"@id\":\"https:\/\/paudelacalle.com\/#website\",\"url\":\"https:\/\/paudelacalle.com\/\",\"name\":\"Pau de la calle\",\"description\":\"\",\"potentialAction\":[{\"@type\":\"SearchAction\",\"target\":{\"@type\":\"EntryPoint\",\"urlTemplate\":\"https:\/\/paudelacalle.com\/?s={search_term_string}\"},\"query-input\":{\"@type\":\"PropertyValueSpecification\",\"valueRequired\":true,\"valueName\":\"search_term_string\"}}],\"inLanguage\":\"es\"}]}<\/script>\n<!-- \/ Yoast SEO plugin. -->","yoast_head_json":{"title":"Pol\u00edtica de privacidad - Pau de la calle","robots":{"index":"index","follow":"follow","max-snippet":"max-snippet:-1","max-image-preview":"max-image-preview:large","max-video-preview":"max-video-preview:-1"},"canonical":"https:\/\/paudelacalle.com\/es\/politica-de-privacitat\/","og_locale":"es_ES","og_type":"article","og_title":"Pol\u00edtica de privacidad - Pau de la calle","og_description":"Su privacidad es importante para nosotros, as\u00ed que mediante esta pol\u00edtica le explicamos qu\u00e9 datos recogemos de los usuarios, como los utilizamos y para que, entre otros de otras indicaciones.Para su informaci\u00f3n, nunca pediremos m\u00e1s informaci\u00f3n de la que realmente necesitaremos para los servicios requeridos; nunca la compartiremos con terceros, excepto por obligaci\u00f3n legal o [&hellip;]","og_url":"https:\/\/paudelacalle.com\/es\/politica-de-privacitat\/","og_site_name":"Pau de la calle","article_modified_time":"2025-02-03T16:22:48+00:00","twitter_card":"summary_large_image","twitter_misc":{"Tiempo de lectura":"9 minutos"},"schema":{"@context":"https:\/\/schema.org","@graph":[{"@type":"WebPage","@id":"https:\/\/paudelacalle.com\/es\/politica-de-privacitat\/","url":"https:\/\/paudelacalle.com\/es\/politica-de-privacitat\/","name":"Pol\u00edtica de privacidad - Pau de la calle","isPartOf":{"@id":"https:\/\/paudelacalle.com\/#website"},"datePublished":"2025-02-03T09:14:13+00:00","dateModified":"2025-02-03T16:22:48+00:00","breadcrumb":{"@id":"https:\/\/paudelacalle.com\/es\/politica-de-privacitat\/#breadcrumb"},"inLanguage":"es","potentialAction":[{"@type":"ReadAction","target":["https:\/\/paudelacalle.com\/es\/politica-de-privacitat\/"]}]},{"@type":"BreadcrumbList","@id":"https:\/\/paudelacalle.com\/es\/politica-de-privacitat\/#breadcrumb","itemListElement":[{"@type":"ListItem","position":1,"name":"Inici","item":"https:\/\/paudelacalle.com\/es\/"},{"@type":"ListItem","position":2,"name":"Pol\u00edtica de privacidad"}]},{"@type":"WebSite","@id":"https:\/\/paudelacalle.com\/#website","url":"https:\/\/paudelacalle.com\/","name":"Pau de la calle","description":"","potentialAction":[{"@type":"SearchAction","target":{"@type":"EntryPoint","urlTemplate":"https:\/\/paudelacalle.com\/?s={search_term_string}"},"query-input":{"@type":"PropertyValueSpecification","valueRequired":true,"valueName":"search_term_string"}}],"inLanguage":"es"}]}},"_links":{"self":[{"href":"https:\/\/paudelacalle.com\/es\/wp-json\/wp\/v2\/pages\/1731","targetHints":{"allow":["GET"]}}],"collection":[{"href":"https:\/\/paudelacalle.com\/es\/wp-json\/wp\/v2\/pages"}],"about":[{"href":"https:\/\/paudelacalle.com\/es\/wp-json\/wp\/v2\/types\/page"}],"author":[{"embeddable":true,"href":"https:\/\/paudelacalle.com\/es\/wp-json\/wp\/v2\/users\/3"}],"replies":[{"embeddable":true,"href":"https:\/\/paudelacalle.com\/es\/wp-json\/wp\/v2\/comments?post=1731"}],"version-history":[{"count":10,"href":"https:\/\/paudelacalle.com\/es\/wp-json\/wp\/v2\/pages\/1731\/revisions"}],"predecessor-version":[{"id":1750,"href":"https:\/\/paudelacalle.com\/es\/wp-json\/wp\/v2\/pages\/1731\/revisions\/1750"}],"wp:attachment":[{"href":"https:\/\/paudelacalle.com\/es\/wp-json\/wp\/v2\/media?parent=1731"}],"curies":[{"name":"wp","href":"https:\/\/api.w.org\/{rel}","templated":true}]}}